{"id":46012,"date":"2022-02-21T13:18:14","date_gmt":"2022-02-21T16:18:14","guid":{"rendered":"https:\/\/www.travel3.com.br\/?page_id=46012"},"modified":"2024-04-25T16:38:17","modified_gmt":"2024-04-25T19:38:17","slug":"home-4","status":"publish","type":"page","link":"https:\/\/www.travel3.com.br\/site\/","title":{"rendered":"Travel 3 &#8211; Lazer + Neg\u00f3cios + Aventura"},"content":{"rendered":"<p>[vc_row vc_row_background=&#8221;&#8221;][vc_column width=&#8221;2\/3&#8243;]<div id='destaque01' class=\"jeg_postblock_12 jeg_postblock jeg_module_hook jeg_pagination_disable jeg_col_2o3 jnews_module__0_6a9a528c678d3   \" data-unique=\"jnews_module__0_6a9a528c678d3\">\n\t\t\t\t\t\n\t\t\t\t\t<div class=\"jeg_block_container\">\n                    \n                    <div class=\"jeg_posts jeg_load_more_flag\"><article class=\"jeg_post jeg_pl_lg_card format-standard\">\n                    <div class=\"jeg_inner_post\">\n                        <div class=\"jeg_thumb\">\n                            \n                            <a href=\"https:\/\/www.travel3.com.br\/site\/destaque\/fam-fest-latam-2026-ava-resort-cancun\/\"><div class=\"thumbnail-container animate-lazy  size-500 \"><img loading=\"lazy\" decoding=\"async\" width=\"750\" height=\"375\" src=\"https:\/\/www.travel3.com.br\/site\/wp-content\/themes\/jnews\/assets\/img\/jeg-empty.png\" class=\"attachment-jnews-750x375 size-jnews-750x375 lazyload wp-post-image\" alt=\"Fam Fest Latam 2026\" sizes=\"auto, (max-width: 750px) 100vw, 750px\" data-src=\"https:\/\/www.travel3.com.br\/site\/wp-content\/uploads\/2026\/09\/Fam-Fest-Latam-2026-750x375.jpg\" data-srcset=\"https:\/\/www.travel3.com.br\/site\/wp-content\/uploads\/2026\/09\/Fam-Fest-Latam-2026-750x375.jpg 750w, https:\/\/www.travel3.com.br\/site\/wp-content\/uploads\/2026\/09\/Fam-Fest-Latam-2026-360x180.jpg 360w, https:\/\/www.travel3.com.br\/site\/wp-content\/uploads\/2026\/09\/Fam-Fest-Latam-2026-1140x570.jpg 1140w\" data-sizes=\"auto\" data-expand=\"700\" \/><\/div><\/a>\n                        <\/div>\n                        <div class=\"jeg_postblock_content\">\n                            <div class=\"jeg_post_category\">\n                                <span>\n                                    <a href=\"https:\/\/www.travel3.com.br\/site\/categoria\/acontece-no-turismo\/\">Acontece no Turismo<\/a>\n                                <\/span>\n                            <\/div>\n                            <h3 class=\"jeg_post_title\">\n                                <a href=\"https:\/\/www.travel3.com.br\/site\/destaque\/fam-fest-latam-2026-ava-resort-cancun\/\">Fam Fest Latam 2026 tem in\u00edcio no AVA Resort Cancun<\/a>\n                            <\/h3>\n                            <div class=\"jeg_post_meta\"><div class=\"jeg_meta_author\"><span class=\"by\">por<\/span> <a href=\"https:\/\/www.travel3.com.br\/site\/author\/caroline\/\">Caroline Tonaco<\/a><\/div><div class=\"jeg_meta_date\"><a href=\"https:\/\/www.travel3.com.br\/site\/destaque\/fam-fest-latam-2026-ava-resort-cancun\/\"><i class=\"fa fa-clock-o\"><\/i> 3 de setembro de 2026<\/a><\/div><div class=\"jeg_meta_comment\"><a href=\"https:\/\/www.travel3.com.br\/site\/destaque\/fam-fest-latam-2026-ava-resort-cancun\/#comments\" ><i class=\"fa fa-comment-o\"><\/i> 0 <\/a><\/div><\/div>\n                                <div class=\"jeg_post_excerpt\">\n                                    <p>Evento re\u00fane profissionais de 11 pa\u00edses e apresenta a expans\u00e3o da UNICO Collection, com novo hotel na Jamaica<\/p>\n                                    <a href=\"https:\/\/www.travel3.com.br\/site\/destaque\/fam-fest-latam-2026-ava-resort-cancun\/\" class=\"jeg_readmore\">Leia Mais<\/a>\n                                <\/div>\n                        <\/div>\n                    <\/div>\n                <\/article><\/div>\n                    <div class='module-overlay'>\n\t\t\t\t    <div class='preloader_type preloader_dot'>\n\t\t\t\t        <div class=\"module-preloader jeg_preloader dot\">\n\t\t\t\t            <span><\/span><span><\/span><span><\/span>\n\t\t\t\t        <\/div>\n\t\t\t\t        <div class=\"module-preloader jeg_preloader circle\">\n\t\t\t\t            <div class=\"jnews_preloader_circle_outer\">\n\t\t\t\t                <div class=\"jnews_preloader_circle_inner\"><\/div>\n\t\t\t\t            <\/div>\n\t\t\t\t        <\/div>\n\t\t\t\t        <div class=\"module-preloader jeg_preloader square\">\n\t\t\t\t            <div class=\"jeg_square\">\n\t\t\t\t                <div class=\"jeg_square_inner\"><\/div>\n\t\t\t\t            <\/div>\n\t\t\t\t        <\/div>\n\t\t\t\t    <\/div>\n\t\t\t\t<\/div>\n                <\/div>\n                <div class=\"jeg_block_navigation\">\n                    <div class='navigation_overlay'><div class='module-preloader jeg_preloader'><span><\/span><span><\/span><span><\/span><\/div><\/div>\n                    \n                    \n                <\/div>\n\t\t\t\t\t\n\t\t\t\t\t<script>var jnews_module__0_6a9a528c678d3 = {\"header_icon\":\"\",\"first_title\":\"\",\"second_title\":\"\",\"url\":\"\",\"header_type\":\"heading_6\",\"header_background\":\"\",\"header_secondary_background\":\"\",\"header_text_color\":\"\",\"header_line_color\":\"\",\"header_accent_color\":\"\",\"header_filter_category\":\"\",\"header_filter_author\":\"\",\"header_filter_tag\":\"\",\"header_filter_text\":\"All\",\"post_type\":\"post\",\"content_type\":\"all\",\"number_post\":\"1\",\"post_offset\":\"0\",\"unique_content\":\"disable\",\"include_post\":\"\",\"exclude_post\":\"\",\"include_category\":\"4882\",\"exclude_category\":\"\",\"include_author\":\"\",\"include_tag\":\"\",\"exclude_tag\":\"\",\"wp_bannerize_tax\":\"\",\"web_story_category\":\"\",\"web_story_tag\":\"\",\"sort_by\":\"latest\",\"date_format\":\"default\",\"date_format_custom\":\"Y\\\/m\\\/d\",\"excerpt_length\":\"30\",\"excerpt_ellipsis\":\"...\",\"force_normal_image_load\":\"\",\"pagination_mode\":\"disable\",\"pagination_nextprev_showtext\":\"\",\"pagination_number_post\":4,\"pagination_scroll_limit\":0,\"ads_type\":\"disable\",\"ads_position\":1,\"ads_random\":\"\",\"ads_image\":\"\",\"ads_image_tablet\":\"\",\"ads_image_phone\":\"\",\"ads_image_link\":\"\",\"ads_image_alt\":\"\",\"ads_image_new_tab\":\"\",\"google_publisher_id\":\"\",\"google_slot_id\":\"\",\"google_desktop\":\"auto\",\"google_tab\":\"auto\",\"google_phone\":\"auto\",\"content\":\"\",\"ads_bottom_text\":\"\",\"el_id\":\"destaque01\",\"el_class\":\"\",\"scheme\":\"\",\"column_width\":\"auto\",\"title_color\":\"\",\"accent_color\":\"\",\"alt_color\":\"\",\"excerpt_color\":\"\",\"block_background\":\"\",\"css\":\"\",\"compatible_column_notice\":\"\",\"paged\":1,\"column_class\":\"jeg_col_2o3\",\"class\":\"jnews_block_12\"};<\/script>\n\t\t\t\t<\/div>[\/vc_column][vc_column width=&#8221;1\/3&#8243; css=&#8221;.vc_custom_1645454692693{border-top-width: 1px !important;border-right-width: 1px !important;border-bottom-width: 1px !important;border-left-width: 1px !important;border-left-color: #d6d6d6 !important;border-left-style: s\u00f3lido !important;border-right-color: #d6d6d6 !important;border-right-style: s\u00f3lido !important;border-top-color: #d6d6d6 !important;border-top-style: s\u00f3lido !important;border-bottom-color: #d6d6d6 !important;border-bottom-style: s\u00f3lido !important;}&#8221;]<div  class=\"jeg_postblock_3 jeg_postblock jeg_module_hook jeg_pagination_disable jeg_col_2o3 jnews_module__1_6a9a528c72680   \" data-unique=\"jnews_module__1_6a9a528c72680\">\n\t\t\t\t\t\n\t\t\t\t\t<div class=\"jeg_posts jeg_block_container\">\n                \n                <div class=\"jeg_posts jeg_load_more_flag\">\n                <article class=\"jeg_post jeg_pl_md_2 format-standard\">\n                <div class=\"jeg_thumb\">\n                    \n                    <a href=\"https:\/\/www.travel3.com.br\/site\/destaque\/viagem-costa-rica-pacifico-montanhas-dota\/\"><div class=\"thumbnail-container animate-lazy  size-715 \"><img loading=\"lazy\" decoding=\"async\" width=\"350\" height=\"250\" src=\"https:\/\/www.travel3.com.br\/site\/wp-content\/themes\/jnews\/assets\/img\/jeg-empty.png\" class=\"attachment-jnews-350x250 size-jnews-350x250 lazyload wp-post-image\" alt=\"Costa Rica\" sizes=\"auto, (max-width: 350px) 100vw, 350px\" data-src=\"https:\/\/www.travel3.com.br\/site\/wp-content\/uploads\/2026\/08\/Costa-Rica-capa_Easy-Resize.com_-e1788134063342-350x250.jpg\" data-srcset=\"https:\/\/www.travel3.com.br\/site\/wp-content\/uploads\/2026\/08\/Costa-Rica-capa_Easy-Resize.com_-e1788134063342-350x250.jpg 350w, https:\/\/www.travel3.com.br\/site\/wp-content\/uploads\/2026\/08\/Costa-Rica-capa_Easy-Resize.com_-e1788134063342-120x86.jpg 120w, https:\/\/www.travel3.com.br\/site\/wp-content\/uploads\/2026\/08\/Costa-Rica-capa_Easy-Resize.com_-e1788134063342-750x536.jpg 750w, https:\/\/www.travel3.com.br\/site\/wp-content\/uploads\/2026\/08\/Costa-Rica-capa_Easy-Resize.com_-e1788134063342-1140x815.jpg 1140w\" data-sizes=\"auto\" data-expand=\"700\" \/><\/div><\/a>\n                <\/div>\n                <div class=\"jeg_postblock_content\">\n                    <h3 class=\"jeg_post_title\">\n                        <a href=\"https:\/\/www.travel3.com.br\/site\/destaque\/viagem-costa-rica-pacifico-montanhas-dota\/\">Costa Rica: do Pac\u00edfico \u00e0s terras altas de Dota<\/a>\n                    <\/h3>\n                    <div class=\"jeg_post_meta\"><div class=\"jeg_meta_author\"><span class=\"by\">por<\/span> <a href=\"https:\/\/www.travel3.com.br\/site\/author\/caroline\/\">Caroline Tonaco<\/a><\/div><div class=\"jeg_meta_date\"><a href=\"https:\/\/www.travel3.com.br\/site\/destaque\/viagem-costa-rica-pacifico-montanhas-dota\/\"><i class=\"fa fa-clock-o\"><\/i> 1 de setembro de 2026<\/a><\/div><div class=\"jeg_meta_comment\"><a href=\"https:\/\/www.travel3.com.br\/site\/destaque\/viagem-costa-rica-pacifico-montanhas-dota\/#comments\" ><i class=\"fa fa-comment-o\"><\/i> 0 <\/a><\/div><\/div>\n                    <div class=\"jeg_post_excerpt\">\n                        <p><\/p>\n                    <\/div>\n                <\/div>\n            <\/article><article class=\"jeg_post jeg_pl_md_2 format-standard\">\n                <div class=\"jeg_thumb\">\n                    \n                    <a href=\"https:\/\/www.travel3.com.br\/site\/destaque\/vinicolas-alentejo-portugal\/\"><div class=\"thumbnail-container animate-lazy  size-715 \"><img loading=\"lazy\" decoding=\"async\" width=\"350\" height=\"250\" src=\"https:\/\/www.travel3.com.br\/site\/wp-content\/themes\/jnews\/assets\/img\/jeg-empty.png\" class=\"attachment-jnews-350x250 size-jnews-350x250 lazyload wp-post-image\" alt=\"Herdade do Espor\u00e3o - vin\u00edcolas no Alentejo\" sizes=\"auto, (max-width: 350px) 100vw, 350px\" data-src=\"https:\/\/www.travel3.com.br\/site\/wp-content\/uploads\/2026\/08\/Caves-Esporao-credito-Nelson-Carvalheiro_Easy-Resize.com_-350x250.jpg\" data-srcset=\"https:\/\/www.travel3.com.br\/site\/wp-content\/uploads\/2026\/08\/Caves-Esporao-credito-Nelson-Carvalheiro_Easy-Resize.com_-350x250.jpg 350w, https:\/\/www.travel3.com.br\/site\/wp-content\/uploads\/2026\/08\/Caves-Esporao-credito-Nelson-Carvalheiro_Easy-Resize.com_-120x86.jpg 120w, https:\/\/www.travel3.com.br\/site\/wp-content\/uploads\/2026\/08\/Caves-Esporao-credito-Nelson-Carvalheiro_Easy-Resize.com_-750x536.jpg 750w, https:\/\/www.travel3.com.br\/site\/wp-content\/uploads\/2026\/08\/Caves-Esporao-credito-Nelson-Carvalheiro_Easy-Resize.com_-1140x815.jpg 1140w\" data-sizes=\"auto\" data-expand=\"700\" \/><\/div><\/a>\n                <\/div>\n                <div class=\"jeg_postblock_content\">\n                    <h3 class=\"jeg_post_title\">\n                        <a href=\"https:\/\/www.travel3.com.br\/site\/destaque\/vinicolas-alentejo-portugal\/\">5 vin\u00edcolas no Alentejo para descobrir r\u00f3tulos inesquec\u00edveis<\/a>\n                    <\/h3>\n                    <div class=\"jeg_post_meta\"><div class=\"jeg_meta_author\"><span class=\"by\">por<\/span> <a href=\"https:\/\/www.travel3.com.br\/site\/author\/redacao\/\">Reda\u00e7\u00e3o Travel3<\/a><\/div><div class=\"jeg_meta_date\"><a href=\"https:\/\/www.travel3.com.br\/site\/destaque\/vinicolas-alentejo-portugal\/\"><i class=\"fa fa-clock-o\"><\/i> 26 de agosto de 2026<\/a><\/div><div class=\"jeg_meta_comment\"><a href=\"https:\/\/www.travel3.com.br\/site\/destaque\/vinicolas-alentejo-portugal\/#comments\" ><i class=\"fa fa-comment-o\"><\/i> 0 <\/a><\/div><\/div>\n                    <div class=\"jeg_post_excerpt\">\n                        <p><\/p>\n                    <\/div>\n                <\/div>\n            <\/article><article class=\"jeg_post jeg_pl_md_2 format-standard\">\n                <div class=\"jeg_thumb\">\n                    \n                    <a href=\"https:\/\/www.travel3.com.br\/site\/destaque\/gatos-de-istambul-atracao-turistica-turquia\/\"><div class=\"thumbnail-container animate-lazy  size-715 \"><img loading=\"lazy\" decoding=\"async\" width=\"350\" height=\"250\" src=\"https:\/\/www.travel3.com.br\/site\/wp-content\/themes\/jnews\/assets\/img\/jeg-empty.png\" class=\"attachment-jnews-350x250 size-jnews-350x250 lazyload wp-post-image\" alt=\"gatos de Istambul\" sizes=\"auto, (max-width: 350px) 100vw, 350px\" data-src=\"https:\/\/www.travel3.com.br\/site\/wp-content\/uploads\/2026\/08\/Gato-com-a-torre-de-Galata-ao-fundo-em-Istambul-350x250.jpg\" data-srcset=\"https:\/\/www.travel3.com.br\/site\/wp-content\/uploads\/2026\/08\/Gato-com-a-torre-de-Galata-ao-fundo-em-Istambul-350x250.jpg 350w, https:\/\/www.travel3.com.br\/site\/wp-content\/uploads\/2026\/08\/Gato-com-a-torre-de-Galata-ao-fundo-em-Istambul-120x86.jpg 120w\" data-sizes=\"auto\" data-expand=\"700\" \/><\/div><\/a>\n                <\/div>\n                <div class=\"jeg_postblock_content\">\n                    <h3 class=\"jeg_post_title\">\n                        <a href=\"https:\/\/www.travel3.com.br\/site\/destaque\/gatos-de-istambul-atracao-turistica-turquia\/\">Gatos de Istambul viram atra\u00e7\u00e3o tur\u00edstica na Turquia<\/a>\n                    <\/h3>\n                    <div class=\"jeg_post_meta\"><div class=\"jeg_meta_author\"><span class=\"by\">por<\/span> <a href=\"https:\/\/www.travel3.com.br\/site\/author\/redacao\/\">Reda\u00e7\u00e3o Travel3<\/a><\/div><div class=\"jeg_meta_date\"><a href=\"https:\/\/www.travel3.com.br\/site\/destaque\/gatos-de-istambul-atracao-turistica-turquia\/\"><i class=\"fa fa-clock-o\"><\/i> 24 de agosto de 2026<\/a><\/div><div class=\"jeg_meta_comment\"><a href=\"https:\/\/www.travel3.com.br\/site\/destaque\/gatos-de-istambul-atracao-turistica-turquia\/#comments\" ><i class=\"fa fa-comment-o\"><\/i> 0 <\/a><\/div><\/div>\n                    <div class=\"jeg_post_excerpt\">\n                        <p><\/p>\n                    <\/div>\n                <\/div>\n            <\/article><article class=\"jeg_post jeg_pl_md_2 format-standard\">\n                <div class=\"jeg_thumb\">\n                    \n                    <a href=\"https:\/\/www.travel3.com.br\/site\/destaque\/arvores-gigantes-amazonia-juma-amazon-lodge\/\"><div class=\"thumbnail-container animate-lazy  size-715 \"><img loading=\"lazy\" decoding=\"async\" width=\"350\" height=\"250\" src=\"https:\/\/www.travel3.com.br\/site\/wp-content\/themes\/jnews\/assets\/img\/jeg-empty.png\" class=\"attachment-jnews-350x250 size-jnews-350x250 lazyload wp-post-image\" alt=\"Juma amazon lodge\" sizes=\"auto, (max-width: 350px) 100vw, 350px\" data-src=\"https:\/\/www.travel3.com.br\/site\/wp-content\/uploads\/2026\/08\/Juma-amazon-lodge2-350x250.jpeg\" data-srcset=\"https:\/\/www.travel3.com.br\/site\/wp-content\/uploads\/2026\/08\/Juma-amazon-lodge2-350x250.jpeg 350w, https:\/\/www.travel3.com.br\/site\/wp-content\/uploads\/2026\/08\/Juma-amazon-lodge2-120x86.jpeg 120w\" data-sizes=\"auto\" data-expand=\"700\" \/><\/div><\/a>\n                <\/div>\n                <div class=\"jeg_postblock_content\">\n                    <h3 class=\"jeg_post_title\">\n                        <a href=\"https:\/\/www.travel3.com.br\/site\/destaque\/arvores-gigantes-amazonia-juma-amazon-lodge\/\">\u00c1rvores gigantes da Amaz\u00f4nia surpreendem h\u00f3spedes no Juma Amazon Lodge<\/a>\n                    <\/h3>\n                    <div class=\"jeg_post_meta\"><div class=\"jeg_meta_author\"><span class=\"by\">por<\/span> <a href=\"https:\/\/www.travel3.com.br\/site\/author\/redacao\/\">Reda\u00e7\u00e3o Travel3<\/a><\/div><div class=\"jeg_meta_date\"><a href=\"https:\/\/www.travel3.com.br\/site\/destaque\/arvores-gigantes-amazonia-juma-amazon-lodge\/\"><i class=\"fa fa-clock-o\"><\/i> 19 de agosto de 2026<\/a><\/div><div class=\"jeg_meta_comment\"><a href=\"https:\/\/www.travel3.com.br\/site\/destaque\/arvores-gigantes-amazonia-juma-amazon-lodge\/#comments\" ><i class=\"fa fa-comment-o\"><\/i> 0 <\/a><\/div><\/div>\n                    <div class=\"jeg_post_excerpt\">\n                        <p><\/p>\n                    <\/div>\n                <\/div>\n            <\/article>\n            <\/div>\n                <div class='module-overlay'>\n\t\t\t\t    <div class='preloader_type preloader_dot'>\n\t\t\t\t        <div class=\"module-preloader jeg_preloader dot\">\n\t\t\t\t            <span><\/span><span><\/span><span><\/span>\n\t\t\t\t        <\/div>\n\t\t\t\t        <div class=\"module-preloader jeg_preloader circle\">\n\t\t\t\t            <div class=\"jnews_preloader_circle_outer\">\n\t\t\t\t                <div class=\"jnews_preloader_circle_inner\"><\/div>\n\t\t\t\t            <\/div>\n\t\t\t\t        <\/div>\n\t\t\t\t        <div class=\"module-preloader jeg_preloader square\">\n\t\t\t\t            <div class=\"jeg_square\">\n\t\t\t\t                <div class=\"jeg_square_inner\"><\/div>\n\t\t\t\t            <\/div>\n\t\t\t\t        <\/div>\n\t\t\t\t    <\/div>\n\t\t\t\t<\/div>\n            <\/div>\n            <div class=\"jeg_block_navigation\">\n                <div class='navigation_overlay'><div class='module-preloader jeg_preloader'><span><\/span><span><\/span><span><\/span><\/div><\/div>\n                \n                \n            <\/div>\n\t\t\t\t\t\n\t\t\t\t\t<script>var jnews_module__1_6a9a528c72680 = {\"header_icon\":\"\",\"first_title\":\"\",\"second_title\":\"\",\"url\":\"\",\"header_type\":\"heading_6\",\"header_background\":\"\",\"header_secondary_background\":\"\",\"header_text_color\":\"\",\"header_line_color\":\"\",\"header_accent_color\":\"\",\"header_filter_category\":\"\",\"header_filter_author\":\"\",\"header_filter_tag\":\"\",\"header_filter_text\":\"All\",\"post_type\":\"post\",\"content_type\":\"all\",\"number_post\":\"4\",\"post_offset\":\"1\",\"unique_content\":\"disable\",\"include_post\":\"\",\"exclude_post\":\"41129\",\"include_category\":\"226\",\"exclude_category\":\"\",\"include_author\":\"\",\"include_tag\":\"\",\"exclude_tag\":\"\",\"wp_bannerize_tax\":\"\",\"web_story_category\":\"\",\"web_story_tag\":\"\",\"sort_by\":\"latest\",\"date_format\":\"default\",\"date_format_custom\":\"Y\\\/m\\\/d\",\"excerpt_length\":\"0\",\"excerpt_ellipsis\":\"\",\"force_normal_image_load\":\"\",\"pagination_mode\":\"disable\",\"pagination_nextprev_showtext\":\"\",\"pagination_number_post\":4,\"pagination_scroll_limit\":0,\"ads_type\":\"disable\",\"ads_position\":1,\"ads_random\":\"\",\"ads_image\":\"\",\"ads_image_tablet\":\"\",\"ads_image_phone\":\"\",\"ads_image_link\":\"\",\"ads_image_alt\":\"\",\"ads_image_new_tab\":\"\",\"google_publisher_id\":\"\",\"google_slot_id\":\"\",\"google_desktop\":\"auto\",\"google_tab\":\"auto\",\"google_phone\":\"auto\",\"content\":\"\",\"ads_bottom_text\":\"\",\"boxed\":\"\",\"boxed_shadow\":\"\",\"el_id\":\"\",\"el_class\":\"\",\"scheme\":\"\",\"column_width\":\"auto\",\"title_color\":\"\",\"accent_color\":\"\",\"alt_color\":\"\",\"excerpt_color\":\"\",\"css\":\"\",\"compatible_column_notice\":\"\",\"paged\":1,\"column_class\":\"jeg_col_2o3\",\"class\":\"jnews_block_3\"};<\/script>\n\t\t\t\t<\/div>[\/vc_column][\/vc_row][vc_row full_width=&#8221;stretch_row&#8221; vc_row_background=&#8221;&#8221;][vc_column][vc_empty_space height=&#8221;40px&#8221;][vc_column_text]      <div class=\"wp_bannerize_container wp_bannerize_layout_vertical\">\n\n        <div class=\"wp_bannerize_banner_box wp_bannerize_category_wp-bannerize-grupo01-desk\" data-title=\"Diversa Caribe Premiado2\" data-mime_type=\"image-jpeg\" data-banner_id=\"84119\" id=\"wpbanner-84119\" data-impressions_enabled=\"true\" data-clicks_enabled=\"true\"><a href=\"https:\/\/diversaturismo.com.br\/campanhas\/?utm_source=campanhas&#038;utm_medium=banner_travel3_desktop&#038;utm_medium=caribepremiado\" target=\"_blank\"><img loading=\"lazy\" decoding=\"async\" border=\"0\" width=\"1080\" height=\"100\" src=\"https:\/\/www.travel3.com.br\/site\/wp-content\/uploads\/2026\/09\/Diversa-Caribe-Premiado2.jpg\" alt=\"Diversa Caribe Premiado2\" title=\"Diversa Caribe Premiado2\" \/><\/a><\/div>      <\/div>\n\n<br \/>\n[\/vc_column_text][vc_empty_space height=&#8221;40px&#8221;][\/vc_column][\/vc_row][vc_row full_width=&#8221;stretch_row&#8221; vc_row_background=&#8221;&#8221; css=&#8221;.vc_custom_1645460633516{background-color: #ededed !important;}&#8221;][vc_column width=&#8221;1\/3&#8243;][vc_column_text css=&#8221;.vc_custom_1645460823517{padding-top: 30px !important;}&#8221;]<\/p>\n<h3><a href=\"https:\/\/www.travel3.com.br\/categoria\/radio\/\">R\u00e1dio Travel3<\/a><\/h3>\n<p>[\/vc_column_text]<div  class=\"jeg_postblock_3 jeg_postblock jeg_module_hook jeg_pagination_disable jeg_col_2o3 jnews_module__2_6a9a528c8c0ba   \" data-unique=\"jnews_module__2_6a9a528c8c0ba\">\n\t\t\t\t\t\n\t\t\t\t\t<div class=\"jeg_posts jeg_block_container\">\n                \n                <div class=\"jeg_posts jeg_load_more_flag\">\n                <article class=\"jeg_post jeg_pl_md_2 format-standard\">\n                <div class=\"jeg_thumb\">\n                    \n                    <a href=\"https:\/\/www.travel3.com.br\/site\/radio\/roteiro-7-dias-amazonia-manaus-anavilhanas\/\"><div class=\"thumbnail-container animate-lazy  size-715 \"><img loading=\"lazy\" decoding=\"async\" width=\"350\" height=\"250\" src=\"https:\/\/www.travel3.com.br\/site\/wp-content\/themes\/jnews\/assets\/img\/jeg-empty.png\" class=\"attachment-jnews-350x250 size-jnews-350x250 lazyload wp-post-image\" alt=\"roteiro Amaz\u00f4nia - Juma \u00d3pera\" sizes=\"auto, (max-width: 350px) 100vw, 350px\" data-src=\"https:\/\/www.travel3.com.br\/site\/wp-content\/uploads\/2026\/03\/juma-radio-350x250.jpg\" data-srcset=\"https:\/\/www.travel3.com.br\/site\/wp-content\/uploads\/2026\/03\/juma-radio-350x250.jpg 350w, https:\/\/www.travel3.com.br\/site\/wp-content\/uploads\/2026\/03\/juma-radio-120x86.jpg 120w, https:\/\/www.travel3.com.br\/site\/wp-content\/uploads\/2026\/03\/juma-radio-750x536.jpg 750w, https:\/\/www.travel3.com.br\/site\/wp-content\/uploads\/2026\/03\/juma-radio-1140x815.jpg 1140w\" data-sizes=\"auto\" data-expand=\"700\" \/><\/div><\/a>\n                <\/div>\n                <div class=\"jeg_postblock_content\">\n                    <h3 class=\"jeg_post_title\">\n                        <a href=\"https:\/\/www.travel3.com.br\/site\/radio\/roteiro-7-dias-amazonia-manaus-anavilhanas\/\">Roteiro de 7 dias na Amaz\u00f4nia com Manaus e Anavilhanas<\/a>\n                    <\/h3>\n                    <div class=\"jeg_post_meta\"><div class=\"jeg_meta_author\"><span class=\"by\">por<\/span> <a href=\"https:\/\/www.travel3.com.br\/site\/author\/redacao2\/\">Reda\u00e7\u00e3o Travel3<\/a><\/div><div class=\"jeg_meta_date\"><a href=\"https:\/\/www.travel3.com.br\/site\/radio\/roteiro-7-dias-amazonia-manaus-anavilhanas\/\"><i class=\"fa fa-clock-o\"><\/i> 27 de fevereiro de 2026<\/a><\/div><div class=\"jeg_meta_comment\"><a href=\"https:\/\/www.travel3.com.br\/site\/radio\/roteiro-7-dias-amazonia-manaus-anavilhanas\/#comments\" ><i class=\"fa fa-comment-o\"><\/i> 0 <\/a><\/div><\/div>\n                    <div class=\"jeg_post_excerpt\">\n                        <p><\/p>\n                    <\/div>\n                <\/div>\n            <\/article><article class=\"jeg_post jeg_pl_md_2 format-standard\">\n                <div class=\"jeg_thumb\">\n                    \n                    <a href=\"https:\/\/www.travel3.com.br\/site\/radio\/anavilhanas-amazonia-radar-internacional\/\"><div class=\"thumbnail-container animate-lazy  size-715 \"><img loading=\"lazy\" decoding=\"async\" width=\"350\" height=\"250\" src=\"https:\/\/www.travel3.com.br\/site\/wp-content\/themes\/jnews\/assets\/img\/jeg-empty.png\" class=\"attachment-jnews-350x250 size-jnews-350x250 lazyload wp-post-image\" alt=\"anavilhanas\" sizes=\"auto, (max-width: 350px) 100vw, 350px\" data-src=\"https:\/\/www.travel3.com.br\/site\/wp-content\/uploads\/2026\/03\/anavilhanas_Easy-Resize.com_-350x250.jpg\" data-srcset=\"https:\/\/www.travel3.com.br\/site\/wp-content\/uploads\/2026\/03\/anavilhanas_Easy-Resize.com_-350x250.jpg 350w, https:\/\/www.travel3.com.br\/site\/wp-content\/uploads\/2026\/03\/anavilhanas_Easy-Resize.com_-120x86.jpg 120w, https:\/\/www.travel3.com.br\/site\/wp-content\/uploads\/2026\/03\/anavilhanas_Easy-Resize.com_-750x536.jpg 750w, https:\/\/www.travel3.com.br\/site\/wp-content\/uploads\/2026\/03\/anavilhanas_Easy-Resize.com_-1140x815.jpg 1140w\" data-sizes=\"auto\" data-expand=\"700\" \/><\/div><\/a>\n                <\/div>\n                <div class=\"jeg_postblock_content\">\n                    <h3 class=\"jeg_post_title\">\n                        <a href=\"https:\/\/www.travel3.com.br\/site\/radio\/anavilhanas-amazonia-radar-internacional\/\">Anavilhanas na Amaz\u00f4nia entra no radar internacional<\/a>\n                    <\/h3>\n                    <div class=\"jeg_post_meta\"><div class=\"jeg_meta_author\"><span class=\"by\">por<\/span> <a href=\"https:\/\/www.travel3.com.br\/site\/author\/redacao\/\">Reda\u00e7\u00e3o Travel3<\/a><\/div><div class=\"jeg_meta_date\"><a href=\"https:\/\/www.travel3.com.br\/site\/radio\/anavilhanas-amazonia-radar-internacional\/\"><i class=\"fa fa-clock-o\"><\/i> 26 de fevereiro de 2026<\/a><\/div><div class=\"jeg_meta_comment\"><a href=\"https:\/\/www.travel3.com.br\/site\/radio\/anavilhanas-amazonia-radar-internacional\/#comments\" ><i class=\"fa fa-comment-o\"><\/i> 0 <\/a><\/div><\/div>\n                    <div class=\"jeg_post_excerpt\">\n                        <p><\/p>\n                    <\/div>\n                <\/div>\n            <\/article><article class=\"jeg_post jeg_pl_md_2 format-standard\">\n                <div class=\"jeg_thumb\">\n                    \n                    <a href=\"https:\/\/www.travel3.com.br\/site\/radio\/imigracao-eua-cuidados-entrada\/\"><div class=\"thumbnail-container animate-lazy  size-715 \"><img loading=\"lazy\" decoding=\"async\" width=\"350\" height=\"250\" src=\"https:\/\/www.travel3.com.br\/site\/wp-content\/themes\/jnews\/assets\/img\/jeg-empty.png\" class=\"attachment-jnews-350x250 size-jnews-350x250 lazyload wp-post-image\" alt=\"imigra\u00e7\u00e3o Estados Unidos\" sizes=\"auto, (max-width: 350px) 100vw, 350px\" data-src=\"https:\/\/www.travel3.com.br\/site\/wp-content\/uploads\/2025\/08\/passport-2510289_1280-350x250.jpg\" data-srcset=\"https:\/\/www.travel3.com.br\/site\/wp-content\/uploads\/2025\/08\/passport-2510289_1280-350x250.jpg 350w, https:\/\/www.travel3.com.br\/site\/wp-content\/uploads\/2025\/08\/passport-2510289_1280-120x86.jpg 120w, https:\/\/www.travel3.com.br\/site\/wp-content\/uploads\/2025\/08\/passport-2510289_1280-750x536.jpg 750w, https:\/\/www.travel3.com.br\/site\/wp-content\/uploads\/2025\/08\/passport-2510289_1280-1140x815.jpg 1140w\" data-sizes=\"auto\" data-expand=\"700\" \/><\/div><\/a>\n                <\/div>\n                <div class=\"jeg_postblock_content\">\n                    <h3 class=\"jeg_post_title\">\n                        <a href=\"https:\/\/www.travel3.com.br\/site\/radio\/imigracao-eua-cuidados-entrada\/\">Imigra\u00e7\u00e3o nos EUA: cuidados para entrar no pa\u00eds<\/a>\n                    <\/h3>\n                    <div class=\"jeg_post_meta\"><div class=\"jeg_meta_author\"><span class=\"by\">por<\/span> <a href=\"https:\/\/www.travel3.com.br\/site\/author\/redacao\/\">Reda\u00e7\u00e3o Travel3<\/a><\/div><div class=\"jeg_meta_date\"><a href=\"https:\/\/www.travel3.com.br\/site\/radio\/imigracao-eua-cuidados-entrada\/\"><i class=\"fa fa-clock-o\"><\/i> 7 de julho de 2025<\/a><\/div><div class=\"jeg_meta_comment\"><a href=\"https:\/\/www.travel3.com.br\/site\/radio\/imigracao-eua-cuidados-entrada\/#comments\" ><i class=\"fa fa-comment-o\"><\/i> 0 <\/a><\/div><\/div>\n                    <div class=\"jeg_post_excerpt\">\n                        <p><\/p>\n                    <\/div>\n                <\/div>\n            <\/article><article class=\"jeg_post jeg_pl_md_2 format-standard\">\n                <div class=\"jeg_thumb\">\n                    \n                    <a href=\"https:\/\/www.travel3.com.br\/site\/radio\/passeios-helicoptero-costa-amalfitana\/\"><div class=\"thumbnail-container animate-lazy  size-715 \"><img loading=\"lazy\" decoding=\"async\" width=\"350\" height=\"250\" src=\"https:\/\/www.travel3.com.br\/site\/wp-content\/themes\/jnews\/assets\/img\/jeg-empty.png\" class=\"attachment-jnews-350x250 size-jnews-350x250 lazyload wp-post-image\" alt=\"Passeio de helic\u00f3ptero uber\" sizes=\"auto, (max-width: 350px) 100vw, 350px\" data-src=\"https:\/\/www.travel3.com.br\/site\/wp-content\/uploads\/2025\/08\/Passeio-de-helicoptero-uber-1-350x250.jpg\" data-srcset=\"https:\/\/www.travel3.com.br\/site\/wp-content\/uploads\/2025\/08\/Passeio-de-helicoptero-uber-1-350x250.jpg 350w, https:\/\/www.travel3.com.br\/site\/wp-content\/uploads\/2025\/08\/Passeio-de-helicoptero-uber-1-120x86.jpg 120w, https:\/\/www.travel3.com.br\/site\/wp-content\/uploads\/2025\/08\/Passeio-de-helicoptero-uber-1-750x536.jpg 750w\" data-sizes=\"auto\" data-expand=\"700\" \/><\/div><\/a>\n                <\/div>\n                <div class=\"jeg_postblock_content\">\n                    <h3 class=\"jeg_post_title\">\n                        <a href=\"https:\/\/www.travel3.com.br\/site\/radio\/passeios-helicoptero-costa-amalfitana\/\">Passeios de helic\u00f3ptero na Costa Amalfitana<\/a>\n                    <\/h3>\n                    <div class=\"jeg_post_meta\"><div class=\"jeg_meta_author\"><span class=\"by\">por<\/span> <a href=\"https:\/\/www.travel3.com.br\/site\/author\/redacao\/\">Reda\u00e7\u00e3o Travel3<\/a><\/div><div class=\"jeg_meta_date\"><a href=\"https:\/\/www.travel3.com.br\/site\/radio\/passeios-helicoptero-costa-amalfitana\/\"><i class=\"fa fa-clock-o\"><\/i> 30 de junho de 2025<\/a><\/div><div class=\"jeg_meta_comment\"><a href=\"https:\/\/www.travel3.com.br\/site\/radio\/passeios-helicoptero-costa-amalfitana\/#comments\" ><i class=\"fa fa-comment-o\"><\/i> 0 <\/a><\/div><\/div>\n                    <div class=\"jeg_post_excerpt\">\n                        <p><\/p>\n                    <\/div>\n                <\/div>\n            <\/article>\n            <\/div>\n                <div class='module-overlay'>\n\t\t\t\t    <div class='preloader_type preloader_dot'>\n\t\t\t\t        <div class=\"module-preloader jeg_preloader dot\">\n\t\t\t\t            <span><\/span><span><\/span><span><\/span>\n\t\t\t\t        <\/div>\n\t\t\t\t        <div class=\"module-preloader jeg_preloader circle\">\n\t\t\t\t            <div class=\"jnews_preloader_circle_outer\">\n\t\t\t\t                <div class=\"jnews_preloader_circle_inner\"><\/div>\n\t\t\t\t            <\/div>\n\t\t\t\t        <\/div>\n\t\t\t\t        <div class=\"module-preloader jeg_preloader square\">\n\t\t\t\t            <div class=\"jeg_square\">\n\t\t\t\t                <div class=\"jeg_square_inner\"><\/div>\n\t\t\t\t            <\/div>\n\t\t\t\t        <\/div>\n\t\t\t\t    <\/div>\n\t\t\t\t<\/div>\n            <\/div>\n            <div class=\"jeg_block_navigation\">\n                <div class='navigation_overlay'><div class='module-preloader jeg_preloader'><span><\/span><span><\/span><span><\/span><\/div><\/div>\n                \n                \n            <\/div>\n\t\t\t\t\t\n\t\t\t\t\t<script>var jnews_module__2_6a9a528c8c0ba = {\"header_icon\":\"\",\"first_title\":\"\",\"second_title\":\"\",\"url\":\"\",\"header_type\":\"heading_6\",\"header_background\":\"\",\"header_secondary_background\":\"\",\"header_text_color\":\"\",\"header_line_color\":\"\",\"header_accent_color\":\"\",\"header_filter_category\":\"\",\"header_filter_author\":\"\",\"header_filter_tag\":\"\",\"header_filter_text\":\"All\",\"post_type\":\"post\",\"content_type\":\"all\",\"number_post\":\"4\",\"post_offset\":\"0\",\"unique_content\":\"disable\",\"include_post\":\"\",\"exclude_post\":\"41129\",\"include_category\":\"193\",\"exclude_category\":\"\",\"include_author\":\"\",\"include_tag\":\"\",\"exclude_tag\":\"\",\"wp_bannerize_tax\":\"\",\"web_story_category\":\"\",\"web_story_tag\":\"\",\"sort_by\":\"latest\",\"date_format\":\"default\",\"date_format_custom\":\"Y\\\/m\\\/d\",\"excerpt_length\":\"0\",\"excerpt_ellipsis\":\"\",\"force_normal_image_load\":\"\",\"pagination_mode\":\"disable\",\"pagination_nextprev_showtext\":\"\",\"pagination_number_post\":4,\"pagination_scroll_limit\":0,\"ads_type\":\"disable\",\"ads_position\":1,\"ads_random\":\"\",\"ads_image\":\"\",\"ads_image_tablet\":\"\",\"ads_image_phone\":\"\",\"ads_image_link\":\"\",\"ads_image_alt\":\"\",\"ads_image_new_tab\":\"\",\"google_publisher_id\":\"\",\"google_slot_id\":\"\",\"google_desktop\":\"auto\",\"google_tab\":\"auto\",\"google_phone\":\"auto\",\"content\":\"\",\"ads_bottom_text\":\"\",\"boxed\":\"\",\"boxed_shadow\":\"\",\"el_id\":\"\",\"el_class\":\"\",\"scheme\":\"\",\"column_width\":\"auto\",\"title_color\":\"\",\"accent_color\":\"\",\"alt_color\":\"\",\"excerpt_color\":\"\",\"css\":\"\",\"compatible_column_notice\":\"\",\"paged\":1,\"column_class\":\"jeg_col_2o3\",\"class\":\"jnews_block_3\"};<\/script>\n\t\t\t\t<\/div>[\/vc_column][vc_column width=&#8221;2\/3&#8243;][vc_column_text css=&#8221;.vc_custom_1714073793286{padding-top: 30px !important;}&#8221;]<\/p>\n<h3><a href=\"https:\/\/www.travel3.com.br\/categoria\/destinos\/america-do-sul\/\">Am\u00e9rica do Sul<\/a><\/h3>\n<p>[\/vc_column_text]<div id='destaque01' class=\"jeg_postblock_12 jeg_postblock jeg_module_hook jeg_pagination_disable jeg_col_2o3 jnews_module__3_6a9a528c926d9   \" data-unique=\"jnews_module__3_6a9a528c926d9\">\n\t\t\t\t\t\n\t\t\t\t\t<div class=\"jeg_block_container\">\n                    \n                    <div class=\"jeg_posts jeg_load_more_flag\"><article class=\"jeg_post jeg_pl_lg_card format-standard\">\n                    <div class=\"jeg_inner_post\">\n                        <div class=\"jeg_thumb\">\n                            \n                            <a href=\"https:\/\/www.travel3.com.br\/site\/destinos\/portillo-estende-temporada-esqui-chile-outubro\/\"><div class=\"thumbnail-container animate-lazy  size-500 \"><img loading=\"lazy\" decoding=\"async\" width=\"750\" height=\"375\" src=\"https:\/\/www.travel3.com.br\/site\/wp-content\/themes\/jnews\/assets\/img\/jeg-empty.png\" class=\"attachment-jnews-750x375 size-jnews-750x375 lazyload wp-post-image\" alt=\"Portillo, Chile - Alta temporada\" sizes=\"auto, (max-width: 750px) 100vw, 750px\" data-src=\"https:\/\/www.travel3.com.br\/site\/wp-content\/uploads\/2023\/04\/Portillo-750x375.jpg\" data-srcset=\"https:\/\/www.travel3.com.br\/site\/wp-content\/uploads\/2023\/04\/Portillo-750x375.jpg 750w, https:\/\/www.travel3.com.br\/site\/wp-content\/uploads\/2023\/04\/Portillo-360x180.jpg 360w\" data-sizes=\"auto\" data-expand=\"700\" \/><\/div><\/a>\n                        <\/div>\n                        <div class=\"jeg_postblock_content\">\n                            <div class=\"jeg_post_category\">\n                                <span>\n                                    <a href=\"https:\/\/www.travel3.com.br\/site\/categoria\/acontece-no-turismo\/\">Acontece no Turismo<\/a>\n                                <\/span>\n                            <\/div>\n                            <h3 class=\"jeg_post_title\">\n                                <a href=\"https:\/\/www.travel3.com.br\/site\/destinos\/portillo-estende-temporada-esqui-chile-outubro\/\">Portillo estende temporada de esqui no Chile at\u00e9 outubro<\/a>\n                            <\/h3>\n                            <div class=\"jeg_post_meta\"><div class=\"jeg_meta_author\"><span class=\"by\">por<\/span> <a href=\"https:\/\/www.travel3.com.br\/site\/author\/redacao\/\">Reda\u00e7\u00e3o Travel3<\/a><\/div><div class=\"jeg_meta_date\"><a href=\"https:\/\/www.travel3.com.br\/site\/destinos\/portillo-estende-temporada-esqui-chile-outubro\/\"><i class=\"fa fa-clock-o\"><\/i> 7 de agosto de 2026<\/a><\/div><div class=\"jeg_meta_comment\"><a href=\"https:\/\/www.travel3.com.br\/site\/destinos\/portillo-estende-temporada-esqui-chile-outubro\/#comments\" ><i class=\"fa fa-comment-o\"><\/i> 0 <\/a><\/div><\/div>\n                                <div class=\"jeg_post_excerpt\">\n                                    <p>Centro de esqui prolonga opera\u00e7\u00f5es ap\u00f3s registrar mais de 7 metros de neve e oferece 20% de desconto em hospedagens<\/p>\n                                    <a href=\"https:\/\/www.travel3.com.br\/site\/destinos\/portillo-estende-temporada-esqui-chile-outubro\/\" class=\"jeg_readmore\">Leia Mais<\/a>\n                                <\/div>\n                        <\/div>\n                    <\/div>\n                <\/article><\/div>\n                    <div class='module-overlay'>\n\t\t\t\t    <div class='preloader_type preloader_dot'>\n\t\t\t\t        <div class=\"module-preloader jeg_preloader dot\">\n\t\t\t\t            <span><\/span><span><\/span><span><\/span>\n\t\t\t\t        <\/div>\n\t\t\t\t        <div class=\"module-preloader jeg_preloader circle\">\n\t\t\t\t            <div class=\"jnews_preloader_circle_outer\">\n\t\t\t\t                <div class=\"jnews_preloader_circle_inner\"><\/div>\n\t\t\t\t            <\/div>\n\t\t\t\t        <\/div>\n\t\t\t\t        <div class=\"module-preloader jeg_preloader square\">\n\t\t\t\t            <div class=\"jeg_square\">\n\t\t\t\t                <div class=\"jeg_square_inner\"><\/div>\n\t\t\t\t            <\/div>\n\t\t\t\t        <\/div>\n\t\t\t\t    <\/div>\n\t\t\t\t<\/div>\n                <\/div>\n                <div class=\"jeg_block_navigation\">\n                    <div class='navigation_overlay'><div class='module-preloader jeg_preloader'><span><\/span><span><\/span><span><\/span><\/div><\/div>\n                    \n                    \n                <\/div>\n\t\t\t\t\t\n\t\t\t\t\t<script>var jnews_module__3_6a9a528c926d9 = {\"header_icon\":\"\",\"first_title\":\"\",\"second_title\":\"\",\"url\":\"\",\"header_type\":\"heading_6\",\"header_background\":\"\",\"header_secondary_background\":\"\",\"header_text_color\":\"\",\"header_line_color\":\"\",\"header_accent_color\":\"\",\"header_filter_category\":\"\",\"header_filter_author\":\"\",\"header_filter_tag\":\"\",\"header_filter_text\":\"All\",\"post_type\":\"post\",\"content_type\":\"post\",\"number_post\":\"1\",\"post_offset\":\"\",\"unique_content\":\"disable\",\"include_post\":\"\",\"exclude_post\":\"\",\"include_category\":\"174\",\"exclude_category\":\"\",\"include_author\":\"\",\"include_tag\":\"\",\"exclude_tag\":\"\",\"wp_bannerize_tax\":\"\",\"web_story_category\":\"\",\"web_story_tag\":\"\",\"sort_by\":\"latest\",\"date_format\":\"default\",\"date_format_custom\":\"Y\\\/m\\\/d\",\"excerpt_length\":\"30\",\"excerpt_ellipsis\":\"...\",\"force_normal_image_load\":\"\",\"pagination_mode\":\"disable\",\"pagination_nextprev_showtext\":\"\",\"pagination_number_post\":4,\"pagination_scroll_limit\":0,\"ads_type\":\"disable\",\"ads_position\":1,\"ads_random\":\"\",\"ads_image\":\"\",\"ads_image_tablet\":\"\",\"ads_image_phone\":\"\",\"ads_image_link\":\"\",\"ads_image_alt\":\"\",\"ads_image_new_tab\":\"\",\"google_publisher_id\":\"\",\"google_slot_id\":\"\",\"google_desktop\":\"auto\",\"google_tab\":\"auto\",\"google_phone\":\"auto\",\"content\":\"\",\"ads_bottom_text\":\"\",\"el_id\":\"destaque01\",\"el_class\":\"\",\"scheme\":\"\",\"column_width\":\"auto\",\"title_color\":\"\",\"accent_color\":\"\",\"alt_color\":\"\",\"excerpt_color\":\"\",\"block_background\":\"\",\"css\":\"\",\"compatible_column_notice\":\"\",\"paged\":1,\"column_class\":\"jeg_col_2o3\",\"class\":\"jnews_block_12\"};<\/script>\n\t\t\t\t<\/div>[vc_empty_space height=&#8221;52px&#8221;][\/vc_column][\/vc_row][vc_row vc_row_background=&#8221;&#8221;][vc_column][vc_empty_space height=&#8221;40px&#8221;][vc_column_text]      <div class=\"wp_bannerize_container wp_bannerize_layout_vertical\">\n\n        <div class=\"wp_bannerize_banner_box wp_bannerize_category_wp-bannerize-grupo02-desk\" data-title=\"CopaAirlines StopOver desk\" data-mime_type=\"image-gif\" data-banner_id=\"84041\" id=\"wpbanner-84041\" data-impressions_enabled=\"true\" data-clicks_enabled=\"true\"><a href=\"https:\/\/urldefense.com\/v3\/__https:\/panama-stopover.com\/pt\/__;!!ABLY1Knf!-oea6BhBxIrgpNpyxM-RS6LNtKZVGLFudlTcaVuMutodlb90DvcPnpWBmkjUKS4lu7ZMW8wT3VwfVjIoMmhy8DrCwfW1_beWevib$\" target=\"_blank\"><img loading=\"lazy\" decoding=\"async\" border=\"0\" width=\"1080\" height=\"100\" src=\"https:\/\/www.travel3.com.br\/site\/wp-content\/uploads\/2026\/08\/CopaAirlines-StopOver-desk.gif\" alt=\"CopaAirlines StopOver desk\" title=\"CopaAirlines StopOver desk\" \/><\/a><\/div>      <\/div>\n\n<br \/>\n[\/vc_column_text][vc_empty_space height=&#8221;40px&#8221;][\/vc_column][\/vc_row][vc_row][vc_column][vc_empty_space height=&#8221;40px&#8221;]<div  class=\"jeg_postblock_3 jeg_postblock jeg_module_hook jeg_pagination_disable jeg_col_2o3 jnews_module__4_6a9a528c9c10c   \" data-unique=\"jnews_module__4_6a9a528c9c10c\">\n\t\t\t\t\t\n\t\t\t\t\t<div class=\"jeg_posts jeg_block_container\">\n                \n                <div class=\"jeg_posts jeg_load_more_flag\">\n                <article class=\"jeg_post jeg_pl_md_2 format-standard\">\n                <div class=\"jeg_thumb\">\n                    \n                    <a href=\"https:\/\/www.travel3.com.br\/site\/acontece-no-turismo\/semana-criativa-tiradentes-2026\/\"><div class=\"thumbnail-container animate-lazy  size-715 \"><img loading=\"lazy\" decoding=\"async\" width=\"350\" height=\"250\" src=\"https:\/\/www.travel3.com.br\/site\/wp-content\/themes\/jnews\/assets\/img\/jeg-empty.png\" class=\"attachment-jnews-350x250 size-jnews-350x250 lazyload wp-post-image\" alt=\"Tiradentes - inverno\" sizes=\"auto, (max-width: 350px) 100vw, 350px\" data-src=\"https:\/\/www.travel3.com.br\/site\/wp-content\/uploads\/2024\/06\/Tiradentes-350x250.jpeg\" data-srcset=\"https:\/\/www.travel3.com.br\/site\/wp-content\/uploads\/2024\/06\/Tiradentes-350x250.jpeg 350w, https:\/\/www.travel3.com.br\/site\/wp-content\/uploads\/2024\/06\/Tiradentes-120x86.jpeg 120w\" data-sizes=\"auto\" data-expand=\"700\" \/><\/div><\/a>\n                <\/div>\n                <div class=\"jeg_postblock_content\">\n                    <h3 class=\"jeg_post_title\">\n                        <a href=\"https:\/\/www.travel3.com.br\/site\/acontece-no-turismo\/semana-criativa-tiradentes-2026\/\">Semana Criativa de Tiradentes celebra 10 anos em outubro<\/a>\n                    <\/h3>\n                    <div class=\"jeg_post_meta\"><div class=\"jeg_meta_author\"><span class=\"by\">por<\/span> <a href=\"https:\/\/www.travel3.com.br\/site\/author\/redacao\/\">Reda\u00e7\u00e3o Travel3<\/a><\/div><div class=\"jeg_meta_date\"><a href=\"https:\/\/www.travel3.com.br\/site\/acontece-no-turismo\/semana-criativa-tiradentes-2026\/\"><i class=\"fa fa-clock-o\"><\/i> 3 de setembro de 2026<\/a><\/div><div class=\"jeg_meta_comment\"><a href=\"https:\/\/www.travel3.com.br\/site\/acontece-no-turismo\/semana-criativa-tiradentes-2026\/#comments\" ><i class=\"fa fa-comment-o\"><\/i> 0 <\/a><\/div><\/div>\n                    <div class=\"jeg_post_excerpt\">\n                        <p>Festival apresenta programa\u00e7\u00e3o de design, arte, cultura, moda e gastronomia<\/p>\n                    <\/div>\n                <\/div>\n            <\/article><article class=\"jeg_post jeg_pl_md_2 format-standard\">\n                <div class=\"jeg_thumb\">\n                    \n                    <a href=\"https:\/\/www.travel3.com.br\/site\/destaque\/fam-fest-latam-2026-ava-resort-cancun\/\"><div class=\"thumbnail-container animate-lazy  size-715 \"><img loading=\"lazy\" decoding=\"async\" width=\"350\" height=\"250\" src=\"https:\/\/www.travel3.com.br\/site\/wp-content\/themes\/jnews\/assets\/img\/jeg-empty.png\" class=\"attachment-jnews-350x250 size-jnews-350x250 lazyload wp-post-image\" alt=\"Fam Fest Latam 2026\" sizes=\"auto, (max-width: 350px) 100vw, 350px\" data-src=\"https:\/\/www.travel3.com.br\/site\/wp-content\/uploads\/2026\/09\/Fam-Fest-Latam-2026-350x250.jpg\" data-srcset=\"https:\/\/www.travel3.com.br\/site\/wp-content\/uploads\/2026\/09\/Fam-Fest-Latam-2026-350x250.jpg 350w, https:\/\/www.travel3.com.br\/site\/wp-content\/uploads\/2026\/09\/Fam-Fest-Latam-2026-120x86.jpg 120w, https:\/\/www.travel3.com.br\/site\/wp-content\/uploads\/2026\/09\/Fam-Fest-Latam-2026-750x536.jpg 750w, https:\/\/www.travel3.com.br\/site\/wp-content\/uploads\/2026\/09\/Fam-Fest-Latam-2026-1140x815.jpg 1140w\" data-sizes=\"auto\" data-expand=\"700\" \/><\/div><\/a>\n                <\/div>\n                <div class=\"jeg_postblock_content\">\n                    <h3 class=\"jeg_post_title\">\n                        <a href=\"https:\/\/www.travel3.com.br\/site\/destaque\/fam-fest-latam-2026-ava-resort-cancun\/\">Fam Fest Latam 2026 tem in\u00edcio no AVA Resort Cancun<\/a>\n                    <\/h3>\n                    <div class=\"jeg_post_meta\"><div class=\"jeg_meta_author\"><span class=\"by\">por<\/span> <a href=\"https:\/\/www.travel3.com.br\/site\/author\/caroline\/\">Caroline Tonaco<\/a><\/div><div class=\"jeg_meta_date\"><a href=\"https:\/\/www.travel3.com.br\/site\/destaque\/fam-fest-latam-2026-ava-resort-cancun\/\"><i class=\"fa fa-clock-o\"><\/i> 3 de setembro de 2026<\/a><\/div><div class=\"jeg_meta_comment\"><a href=\"https:\/\/www.travel3.com.br\/site\/destaque\/fam-fest-latam-2026-ava-resort-cancun\/#comments\" ><i class=\"fa fa-comment-o\"><\/i> 0 <\/a><\/div><\/div>\n                    <div class=\"jeg_post_excerpt\">\n                        <p>Evento re\u00fane profissionais de 11 pa\u00edses e apresenta a expans\u00e3o da UNICO Collection, com novo hotel na Jamaica<\/p>\n                    <\/div>\n                <\/div>\n            <\/article><article class=\"jeg_post jeg_pl_md_2 format-standard\">\n                <div class=\"jeg_thumb\">\n                    \n                    <a href=\"https:\/\/www.travel3.com.br\/site\/dicas\/pousada-aldeola-baixio-bahia\/\"><div class=\"thumbnail-container animate-lazy  size-715 \"><img loading=\"lazy\" decoding=\"async\" width=\"350\" height=\"250\" src=\"https:\/\/www.travel3.com.br\/site\/wp-content\/themes\/jnews\/assets\/img\/jeg-empty.png\" class=\"attachment-jnews-350x250 size-jnews-350x250 lazyload wp-post-image\" alt=\"Pousada Aldeola em Baixio\" sizes=\"auto, (max-width: 350px) 100vw, 350px\" data-src=\"https:\/\/www.travel3.com.br\/site\/wp-content\/uploads\/2026\/08\/Pousada-Aldeola-em-Baixio-350x250.jpg\" data-srcset=\"https:\/\/www.travel3.com.br\/site\/wp-content\/uploads\/2026\/08\/Pousada-Aldeola-em-Baixio-350x250.jpg 350w, https:\/\/www.travel3.com.br\/site\/wp-content\/uploads\/2026\/08\/Pousada-Aldeola-em-Baixio-120x86.jpg 120w, https:\/\/www.travel3.com.br\/site\/wp-content\/uploads\/2026\/08\/Pousada-Aldeola-em-Baixio-750x536.jpg 750w\" data-sizes=\"auto\" data-expand=\"700\" \/><\/div><\/a>\n                <\/div>\n                <div class=\"jeg_postblock_content\">\n                    <h3 class=\"jeg_post_title\">\n                        <a href=\"https:\/\/www.travel3.com.br\/site\/dicas\/pousada-aldeola-baixio-bahia\/\">Pousada Aldeola em Baixio une natureza e conforto na Bahia<\/a>\n                    <\/h3>\n                    <div class=\"jeg_post_meta\"><div class=\"jeg_meta_author\"><span class=\"by\">por<\/span> <a href=\"https:\/\/www.travel3.com.br\/site\/author\/redacao\/\">Reda\u00e7\u00e3o Travel3<\/a><\/div><div class=\"jeg_meta_date\"><a href=\"https:\/\/www.travel3.com.br\/site\/dicas\/pousada-aldeola-baixio-bahia\/\"><i class=\"fa fa-clock-o\"><\/i> 2 de setembro de 2026<\/a><\/div><div class=\"jeg_meta_comment\"><a href=\"https:\/\/www.travel3.com.br\/site\/dicas\/pousada-aldeola-baixio-bahia\/#comments\" ><i class=\"fa fa-comment-o\"><\/i> 0 <\/a><\/div><\/div>\n                    <div class=\"jeg_post_excerpt\">\n                        <p>Hospedagem no litoral norte do estado combina natureza, experi\u00eancias de ecoturismo e boa gastronomia<\/p>\n                    <\/div>\n                <\/div>\n            <\/article>\n            <\/div>\n                <div class='module-overlay'>\n\t\t\t\t    <div class='preloader_type preloader_dot'>\n\t\t\t\t        <div class=\"module-preloader jeg_preloader dot\">\n\t\t\t\t            <span><\/span><span><\/span><span><\/span>\n\t\t\t\t        <\/div>\n\t\t\t\t        <div class=\"module-preloader jeg_preloader circle\">\n\t\t\t\t            <div class=\"jnews_preloader_circle_outer\">\n\t\t\t\t                <div class=\"jnews_preloader_circle_inner\"><\/div>\n\t\t\t\t            <\/div>\n\t\t\t\t        <\/div>\n\t\t\t\t        <div class=\"module-preloader jeg_preloader square\">\n\t\t\t\t            <div class=\"jeg_square\">\n\t\t\t\t                <div class=\"jeg_square_inner\"><\/div>\n\t\t\t\t            <\/div>\n\t\t\t\t        <\/div>\n\t\t\t\t    <\/div>\n\t\t\t\t<\/div>\n            <\/div>\n            <div class=\"jeg_block_navigation\">\n                <div class='navigation_overlay'><div class='module-preloader jeg_preloader'><span><\/span><span><\/span><span><\/span><\/div><\/div>\n                \n                \n            <\/div>\n\t\t\t\t\t\n\t\t\t\t\t<script>var jnews_module__4_6a9a528c9c10c = {\"header_icon\":\"\",\"first_title\":\"\",\"second_title\":\"\",\"url\":\"\",\"header_type\":\"heading_6\",\"header_background\":\"\",\"header_secondary_background\":\"\",\"header_text_color\":\"\",\"header_line_color\":\"\",\"header_accent_color\":\"\",\"header_filter_category\":\"\",\"header_filter_author\":\"\",\"header_filter_tag\":\"\",\"header_filter_text\":\"All\",\"post_type\":\"post\",\"content_type\":\"all\",\"number_post\":\"3\",\"post_offset\":\"0\",\"unique_content\":\"disable\",\"include_post\":\"\",\"exclude_post\":\"\",\"include_category\":\"\",\"exclude_category\":\"\",\"include_author\":\"\",\"include_tag\":\"\",\"exclude_tag\":\"\",\"wp_bannerize_tax\":\"\",\"web_story_category\":\"\",\"web_story_tag\":\"\",\"sort_by\":\"latest\",\"date_format\":\"default\",\"date_format_custom\":\"Y\\\/m\\\/d\",\"excerpt_length\":\"20\",\"excerpt_ellipsis\":\"...\",\"force_normal_image_load\":\"\",\"pagination_mode\":\"disable\",\"pagination_nextprev_showtext\":\"\",\"pagination_number_post\":4,\"pagination_scroll_limit\":0,\"ads_type\":\"disable\",\"ads_position\":1,\"ads_random\":\"\",\"ads_image\":\"\",\"ads_image_tablet\":\"\",\"ads_image_phone\":\"\",\"ads_image_link\":\"\",\"ads_image_alt\":\"\",\"ads_image_new_tab\":\"\",\"google_publisher_id\":\"\",\"google_slot_id\":\"\",\"google_desktop\":\"auto\",\"google_tab\":\"auto\",\"google_phone\":\"auto\",\"content\":\"\",\"ads_bottom_text\":\"\",\"boxed\":\"\",\"boxed_shadow\":\"\",\"el_id\":\"\",\"el_class\":\"\",\"scheme\":\"\",\"column_width\":\"auto\",\"title_color\":\"\",\"accent_color\":\"\",\"alt_color\":\"\",\"excerpt_color\":\"\",\"css\":\"\",\"compatible_column_notice\":\"\",\"paged\":1,\"column_class\":\"jeg_col_2o3\",\"class\":\"jnews_block_3\"};<\/script>\n\t\t\t\t<\/div>[vc_empty_space height=&#8221;40px&#8221;][vc_column_text]      <div class=\"wp_bannerize_container wp_bannerize_layout_vertical\">\n\n        <div class=\"wp_bannerize_banner_box wp_bannerize_category_wp-bannerize-grupo03-desk\" data-title=\"nobu los cabos weddings desk (1)\" data-mime_type=\"image-jpeg\" data-banner_id=\"81375\" id=\"wpbanner-81375\" data-impressions_enabled=\"true\" data-clicks_enabled=\"true\"><a href=\"https:\/\/www.nobuhotels.com\/los-cabos\/?utm_source=mybusiness&#038;utm_medium=organic\" target=\"_blank\"><img loading=\"lazy\" decoding=\"async\" border=\"0\" width=\"1080\" height=\"100\" src=\"https:\/\/www.travel3.com.br\/site\/wp-content\/uploads\/2026\/03\/0170_nblc_banner_weddings_1080x100px_pt-1.jpg\" alt=\"nobu los cabos weddings desk (1)\" title=\"nobu los cabos weddings desk (1)\" \/><\/a><\/div>      <\/div>\n\n<br \/>\n[\/vc_column_text][vc_empty_space height=&#8221;40px&#8221;]<div  class=\"jeg_postblock_3 jeg_postblock jeg_module_hook jeg_pagination_loadmore jeg_col_2o3 jnews_module__5_6a9a528ca47d4   \" data-unique=\"jnews_module__5_6a9a528ca47d4\">\n\t\t\t\t\t\n\t\t\t\t\t<div class=\"jeg_posts jeg_block_container\">\n                \n                <div class=\"jeg_posts jeg_load_more_flag\">\n                <article class=\"jeg_post jeg_pl_md_2 format-standard\">\n                <div class=\"jeg_thumb\">\n                    \n                    <a href=\"https:\/\/www.travel3.com.br\/site\/comece-a-viajar\/setembro-cunha-festival-queijo-primavera\/\"><div class=\"thumbnail-container animate-lazy  size-715 \"><img loading=\"lazy\" decoding=\"async\" width=\"350\" height=\"250\" src=\"https:\/\/www.travel3.com.br\/site\/wp-content\/themes\/jnews\/assets\/img\/jeg-empty.png\" class=\"attachment-jnews-350x250 size-jnews-350x250 lazyload wp-post-image\" alt=\"Cunha\" sizes=\"auto, (max-width: 350px) 100vw, 350px\" data-src=\"https:\/\/www.travel3.com.br\/site\/wp-content\/uploads\/2026\/09\/undefined-Imgur-2_Easy-Resize.com_-350x250.jpg\" data-srcset=\"https:\/\/www.travel3.com.br\/site\/wp-content\/uploads\/2026\/09\/undefined-Imgur-2_Easy-Resize.com_-350x250.jpg 350w, https:\/\/www.travel3.com.br\/site\/wp-content\/uploads\/2026\/09\/undefined-Imgur-2_Easy-Resize.com_-120x86.jpg 120w\" data-sizes=\"auto\" data-expand=\"700\" \/><\/div><\/a>\n                <\/div>\n                <div class=\"jeg_postblock_content\">\n                    <h3 class=\"jeg_post_title\">\n                        <a href=\"https:\/\/www.travel3.com.br\/site\/comece-a-viajar\/setembro-cunha-festival-queijo-primavera\/\">Setembro traz Festival do Queijo e primavera a Cunha<\/a>\n                    <\/h3>\n                    <div class=\"jeg_post_meta\"><div class=\"jeg_meta_author\"><span class=\"by\">por<\/span> <a href=\"https:\/\/www.travel3.com.br\/site\/author\/redacao\/\">Reda\u00e7\u00e3o Travel3<\/a><\/div><div class=\"jeg_meta_date\"><a href=\"https:\/\/www.travel3.com.br\/site\/comece-a-viajar\/setembro-cunha-festival-queijo-primavera\/\"><i class=\"fa fa-clock-o\"><\/i> 2 de setembro de 2026<\/a><\/div><div class=\"jeg_meta_comment\"><a href=\"https:\/\/www.travel3.com.br\/site\/comece-a-viajar\/setembro-cunha-festival-queijo-primavera\/#comments\" ><i class=\"fa fa-comment-o\"><\/i> 0 <\/a><\/div><\/div>\n                    <div class=\"jeg_post_excerpt\">\n                        <p>Feriado prolongado, gastronomia, lavandas, natureza e experi\u00eancias ao ar livre movimentam o destino durante o m\u00eas<\/p>\n                    <\/div>\n                <\/div>\n            <\/article><article class=\"jeg_post jeg_pl_md_2 format-standard\">\n                <div class=\"jeg_thumb\">\n                    \n                    <a href=\"https:\/\/www.travel3.com.br\/site\/dicas\/pura-vida-hostel-rock-in-rio-2026\/\"><div class=\"thumbnail-container animate-lazy  size-715 \"><img loading=\"lazy\" decoding=\"async\" width=\"350\" height=\"250\" src=\"https:\/\/www.travel3.com.br\/site\/wp-content\/themes\/jnews\/assets\/img\/jeg-empty.png\" class=\"attachment-jnews-350x250 size-jnews-350x250 lazyload wp-post-image\" alt=\"Hostel Rock in Rio\" sizes=\"auto, (max-width: 350px) 100vw, 350px\" data-src=\"https:\/\/www.travel3.com.br\/site\/wp-content\/uploads\/2026\/09\/Pura-Vida-Hostel-Rock-in-Rio_Easy-Resize.com_-350x250.jpg\" data-srcset=\"https:\/\/www.travel3.com.br\/site\/wp-content\/uploads\/2026\/09\/Pura-Vida-Hostel-Rock-in-Rio_Easy-Resize.com_-350x250.jpg 350w, https:\/\/www.travel3.com.br\/site\/wp-content\/uploads\/2026\/09\/Pura-Vida-Hostel-Rock-in-Rio_Easy-Resize.com_-120x86.jpg 120w, https:\/\/www.travel3.com.br\/site\/wp-content\/uploads\/2026\/09\/Pura-Vida-Hostel-Rock-in-Rio_Easy-Resize.com_-750x536.jpg 750w, https:\/\/www.travel3.com.br\/site\/wp-content\/uploads\/2026\/09\/Pura-Vida-Hostel-Rock-in-Rio_Easy-Resize.com_-1140x815.jpg 1140w\" data-sizes=\"auto\" data-expand=\"700\" \/><\/div><\/a>\n                <\/div>\n                <div class=\"jeg_postblock_content\">\n                    <h3 class=\"jeg_post_title\">\n                        <a href=\"https:\/\/www.travel3.com.br\/site\/dicas\/pura-vida-hostel-rock-in-rio-2026\/\">Hostel em Copacabana prepara programa\u00e7\u00e3o gratuita para o Rock in Rio 2026<\/a>\n                    <\/h3>\n                    <div class=\"jeg_post_meta\"><div class=\"jeg_meta_author\"><span class=\"by\">por<\/span> <a href=\"https:\/\/www.travel3.com.br\/site\/author\/redacao\/\">Reda\u00e7\u00e3o Travel3<\/a><\/div><div class=\"jeg_meta_date\"><a href=\"https:\/\/www.travel3.com.br\/site\/dicas\/pura-vida-hostel-rock-in-rio-2026\/\"><i class=\"fa fa-clock-o\"><\/i> 2 de setembro de 2026<\/a><\/div><div class=\"jeg_meta_comment\"><a href=\"https:\/\/www.travel3.com.br\/site\/dicas\/pura-vida-hostel-rock-in-rio-2026\/#comments\" ><i class=\"fa fa-comment-o\"><\/i> 0 <\/a><\/div><\/div>\n                    <div class=\"jeg_post_excerpt\">\n                        <p>Pura Vida Hostel ter\u00e1 DJs, workshop de caipirinha, aulas de dan\u00e7a e karaok\u00ea durante os sete dias do festival<\/p>\n                    <\/div>\n                <\/div>\n            <\/article><article class=\"jeg_post jeg_pl_md_2 format-standard\">\n                <div class=\"jeg_thumb\">\n                    \n                    <a href=\"https:\/\/www.travel3.com.br\/site\/ir-e-vir\/copa-airlines-belo-horizonte-panama\/\"><div class=\"thumbnail-container animate-lazy  size-715 \"><img loading=\"lazy\" decoding=\"async\" width=\"350\" height=\"250\" src=\"https:\/\/www.travel3.com.br\/site\/wp-content\/themes\/jnews\/assets\/img\/jeg-empty.png\" class=\"attachment-jnews-350x250 size-jnews-350x250 lazyload wp-post-image\" alt=\"copa airlines voos diretos\" sizes=\"auto, (max-width: 350px) 100vw, 350px\" data-src=\"https:\/\/www.travel3.com.br\/site\/wp-content\/uploads\/2025\/05\/copa-airlines-voos-diretos_Easy-Resize.com_-350x250.jpg\" data-srcset=\"https:\/\/www.travel3.com.br\/site\/wp-content\/uploads\/2025\/05\/copa-airlines-voos-diretos_Easy-Resize.com_-350x250.jpg 350w, https:\/\/www.travel3.com.br\/site\/wp-content\/uploads\/2025\/05\/copa-airlines-voos-diretos_Easy-Resize.com_-120x86.jpg 120w, https:\/\/www.travel3.com.br\/site\/wp-content\/uploads\/2025\/05\/copa-airlines-voos-diretos_Easy-Resize.com_-750x536.jpg 750w, https:\/\/www.travel3.com.br\/site\/wp-content\/uploads\/2025\/05\/copa-airlines-voos-diretos_Easy-Resize.com_-1140x815.jpg 1140w\" data-sizes=\"auto\" data-expand=\"700\" \/><\/div><\/a>\n                <\/div>\n                <div class=\"jeg_postblock_content\">\n                    <h3 class=\"jeg_post_title\">\n                        <a href=\"https:\/\/www.travel3.com.br\/site\/ir-e-vir\/copa-airlines-belo-horizonte-panama\/\">Copa Airlines amplia voos de Belo Horizonte para o Panam\u00e1<\/a>\n                    <\/h3>\n                    <div class=\"jeg_post_meta\"><div class=\"jeg_meta_author\"><span class=\"by\">por<\/span> <a href=\"https:\/\/www.travel3.com.br\/site\/author\/redacao2\/\">Reda\u00e7\u00e3o Travel3<\/a><\/div><div class=\"jeg_meta_date\"><a href=\"https:\/\/www.travel3.com.br\/site\/ir-e-vir\/copa-airlines-belo-horizonte-panama\/\"><i class=\"fa fa-clock-o\"><\/i> 1 de setembro de 2026<\/a><\/div><div class=\"jeg_meta_comment\"><a href=\"https:\/\/www.travel3.com.br\/site\/ir-e-vir\/copa-airlines-belo-horizonte-panama\/#comments\" ><i class=\"fa fa-comment-o\"><\/i> 0 <\/a><\/div><\/div>\n                    <div class=\"jeg_post_excerpt\">\n                        <p>Companhia ter\u00e1 at\u00e9 12 frequ\u00eancias semanais a partir de Confins, com conex\u00f5es para mais de 80 destinos nas Am\u00e9ricas<\/p>\n                    <\/div>\n                <\/div>\n            <\/article>\n            <\/div>\n                <div class='module-overlay'>\n\t\t\t\t    <div class='preloader_type preloader_dot'>\n\t\t\t\t        <div class=\"module-preloader jeg_preloader dot\">\n\t\t\t\t            <span><\/span><span><\/span><span><\/span>\n\t\t\t\t        <\/div>\n\t\t\t\t        <div class=\"module-preloader jeg_preloader circle\">\n\t\t\t\t            <div class=\"jnews_preloader_circle_outer\">\n\t\t\t\t                <div class=\"jnews_preloader_circle_inner\"><\/div>\n\t\t\t\t            <\/div>\n\t\t\t\t        <\/div>\n\t\t\t\t        <div class=\"module-preloader jeg_preloader square\">\n\t\t\t\t            <div class=\"jeg_square\">\n\t\t\t\t                <div class=\"jeg_square_inner\"><\/div>\n\t\t\t\t            <\/div>\n\t\t\t\t        <\/div>\n\t\t\t\t    <\/div>\n\t\t\t\t<\/div>\n            <\/div>\n            <div class=\"jeg_block_navigation\">\n                <div class='navigation_overlay'><div class='module-preloader jeg_preloader'><span><\/span><span><\/span><span><\/span><\/div><\/div>\n                <div class=\"jeg_block_loadmore \">\n                    <a href=\"#\" class='' data-load='Carregar Mais' data-loading='Loading...'> Carregar Mais<\/a>\n                <\/div>\n                \n            <\/div>\n\t\t\t\t\t\n\t\t\t\t\t<script>var jnews_module__5_6a9a528ca47d4 = {\"header_icon\":\"\",\"first_title\":\"\",\"second_title\":\"\",\"url\":\"\",\"header_type\":\"heading_6\",\"header_background\":\"\",\"header_secondary_background\":\"\",\"header_text_color\":\"\",\"header_line_color\":\"\",\"header_accent_color\":\"\",\"header_filter_category\":\"\",\"header_filter_author\":\"\",\"header_filter_tag\":\"\",\"header_filter_text\":\"All\",\"post_type\":\"post\",\"content_type\":\"all\",\"number_post\":\"3\",\"post_offset\":\"3\",\"unique_content\":\"disable\",\"include_post\":\"\",\"exclude_post\":\"\",\"include_category\":\"\",\"exclude_category\":\"\",\"include_author\":\"\",\"include_tag\":\"\",\"exclude_tag\":\"\",\"wp_bannerize_tax\":\"\",\"web_story_category\":\"\",\"web_story_tag\":\"\",\"sort_by\":\"latest\",\"date_format\":\"default\",\"date_format_custom\":\"Y\\\/m\\\/d\",\"excerpt_length\":\"20\",\"excerpt_ellipsis\":\"...\",\"force_normal_image_load\":\"\",\"pagination_mode\":\"loadmore\",\"pagination_nextprev_showtext\":\"\",\"pagination_number_post\":\"3\",\"pagination_scroll_limit\":0,\"ads_type\":\"disable\",\"ads_position\":1,\"ads_random\":\"\",\"ads_image\":\"\",\"ads_image_tablet\":\"\",\"ads_image_phone\":\"\",\"ads_image_link\":\"\",\"ads_image_alt\":\"\",\"ads_image_new_tab\":\"\",\"google_publisher_id\":\"\",\"google_slot_id\":\"\",\"google_desktop\":\"auto\",\"google_tab\":\"auto\",\"google_phone\":\"auto\",\"content\":\"\",\"ads_bottom_text\":\"\",\"boxed\":\"\",\"boxed_shadow\":\"\",\"el_id\":\"\",\"el_class\":\"\",\"scheme\":\"\",\"column_width\":\"auto\",\"title_color\":\"\",\"accent_color\":\"\",\"alt_color\":\"\",\"excerpt_color\":\"\",\"css\":\"\",\"compatible_column_notice\":\"\",\"paged\":1,\"column_class\":\"jeg_col_2o3\",\"class\":\"jnews_block_3\"};<\/script>\n\t\t\t\t<\/div>[\/vc_column][\/vc_row][vc_row disable_element=&#8221;yes&#8221; vc_row_background=&#8221;&#8221;][vc_column width=&#8221;2\/3&#8243;][\/vc_column][vc_column width=&#8221;1\/3&#8243; css=&#8221;.vc_custom_1622571405176{padding-top: 20px !important;background-color: #f7f7f7 !important;}&#8221;]<div  class=\"jeg_postblock_12 jeg_postblock jeg_module_hook jeg_pagination_disable jeg_col_2o3 jnews_module__6_6a9a528cb1522   \" data-unique=\"jnews_module__6_6a9a528cb1522\">\n\t\t\t\t\t\n\t\t\t\t\t<div class=\"jeg_block_container\">\n                    \n                    <div class=\"jeg_posts jeg_load_more_flag\"><article class=\"jeg_post jeg_pl_lg_card format-standard\">\n                    <div class=\"jeg_inner_post\">\n                        <div class=\"jeg_thumb\">\n                            \n                            <a href=\"https:\/\/www.travel3.com.br\/site\/dicas\/fiquei-noiva-e-agora-ferramentas-essenciais-para-ajudar-nos-preparativos-do-casamento\/\"><div class=\"thumbnail-container animate-lazy  size-500 \"><img loading=\"lazy\" decoding=\"async\" width=\"750\" height=\"375\" src=\"https:\/\/www.travel3.com.br\/site\/wp-content\/themes\/jnews\/assets\/img\/jeg-empty.png\" class=\"attachment-jnews-750x375 size-jnews-750x375 lazyload wp-post-image\" alt=\"Fiquei noiva, e agora? Ferramentas essenciais para ajudar nos preparativos do casamento\" sizes=\"auto, (max-width: 750px) 100vw, 750px\" data-src=\"https:\/\/www.travel3.com.br\/site\/wp-content\/uploads\/2021\/06\/fiquei-noiva-pedido-de-casamento-lejour-750x375.jpg\" data-srcset=\"https:\/\/www.travel3.com.br\/site\/wp-content\/uploads\/2021\/06\/fiquei-noiva-pedido-de-casamento-lejour-750x375.jpg 750w, https:\/\/www.travel3.com.br\/site\/wp-content\/uploads\/2021\/06\/fiquei-noiva-pedido-de-casamento-lejour-360x180.jpg 360w\" data-sizes=\"auto\" data-expand=\"700\" \/><\/div><\/a>\n                        <\/div>\n                        <div class=\"jeg_postblock_content\">\n                            <div class=\"jeg_post_category\">\n                                <span>\n                                    <a href=\"https:\/\/www.travel3.com.br\/site\/categoria\/dicas\/\">Dicas<\/a>\n                                <\/span>\n                            <\/div>\n                            <h3 class=\"jeg_post_title\">\n                                <a href=\"https:\/\/www.travel3.com.br\/site\/dicas\/fiquei-noiva-e-agora-ferramentas-essenciais-para-ajudar-nos-preparativos-do-casamento\/\">Fiquei noiva, e agora? Ferramentas essenciais para ajudar nos preparativos do casamento<\/a>\n                            <\/h3>\n                            <div class=\"jeg_post_meta\"><div class=\"jeg_meta_author\"><span class=\"by\">por<\/span> <a href=\"https:\/\/www.travel3.com.br\/site\/author\/admin\/\">admin<\/a><\/div><div class=\"jeg_meta_date\"><a href=\"https:\/\/www.travel3.com.br\/site\/dicas\/fiquei-noiva-e-agora-ferramentas-essenciais-para-ajudar-nos-preparativos-do-casamento\/\"><i class=\"fa fa-clock-o\"><\/i> 1 de junho de 2021<\/a><\/div><div class=\"jeg_meta_comment\"><a href=\"https:\/\/www.travel3.com.br\/site\/dicas\/fiquei-noiva-e-agora-ferramentas-essenciais-para-ajudar-nos-preparativos-do-casamento\/#comments\" ><i class=\"fa fa-comment-o\"><\/i> 0 <\/a><\/div><\/div>\n                                <div class=\"jeg_post_excerpt\">\n                                    <p>Dicas e ferramentas para ajudar as noivas desde o in\u00edcio de sua jornada de casamento.Por Marina Pastore do Lejour Pedido...<\/p>\n                                    <a href=\"https:\/\/www.travel3.com.br\/site\/dicas\/fiquei-noiva-e-agora-ferramentas-essenciais-para-ajudar-nos-preparativos-do-casamento\/\" class=\"jeg_readmore\">Leia Mais<\/a>\n                                <\/div>\n                        <\/div>\n                    <\/div>\n                <\/article><\/div>\n                    <div class='module-overlay'>\n\t\t\t\t    <div class='preloader_type preloader_dot'>\n\t\t\t\t        <div class=\"module-preloader jeg_preloader dot\">\n\t\t\t\t            <span><\/span><span><\/span><span><\/span>\n\t\t\t\t        <\/div>\n\t\t\t\t        <div class=\"module-preloader jeg_preloader circle\">\n\t\t\t\t            <div class=\"jnews_preloader_circle_outer\">\n\t\t\t\t                <div class=\"jnews_preloader_circle_inner\"><\/div>\n\t\t\t\t            <\/div>\n\t\t\t\t        <\/div>\n\t\t\t\t        <div class=\"module-preloader jeg_preloader square\">\n\t\t\t\t            <div class=\"jeg_square\">\n\t\t\t\t                <div class=\"jeg_square_inner\"><\/div>\n\t\t\t\t            <\/div>\n\t\t\t\t        <\/div>\n\t\t\t\t    <\/div>\n\t\t\t\t<\/div>\n                <\/div>\n                <div class=\"jeg_block_navigation\">\n                    <div class='navigation_overlay'><div class='module-preloader jeg_preloader'><span><\/span><span><\/span><span><\/span><\/div><\/div>\n                    \n                    \n                <\/div>\n\t\t\t\t\t\n\t\t\t\t\t<script>var jnews_module__6_6a9a528cb1522 = {\"header_icon\":\"\",\"first_title\":\"\",\"second_title\":\"\",\"url\":\"\",\"header_type\":\"heading_6\",\"header_background\":\"\",\"header_secondary_background\":\"\",\"header_text_color\":\"\",\"header_line_color\":\"\",\"header_accent_color\":\"\",\"header_filter_category\":\"\",\"header_filter_author\":\"\",\"header_filter_tag\":\"\",\"header_filter_text\":\"All\",\"post_type\":\"post\",\"content_type\":\"all\",\"number_post\":\"1\",\"post_offset\":\"0\",\"unique_content\":\"disable\",\"include_post\":\"41129\",\"exclude_post\":\"\",\"include_category\":\"\",\"exclude_category\":\"\",\"include_author\":\"\",\"include_tag\":\"\",\"exclude_tag\":\"\",\"wp_bannerize_tax\":\"\",\"web_story_category\":\"\",\"web_story_tag\":\"\",\"sort_by\":\"latest\",\"date_format\":\"default\",\"date_format_custom\":\"Y\\\/m\\\/d\",\"excerpt_length\":\"20\",\"excerpt_ellipsis\":\"...\",\"force_normal_image_load\":\"\",\"pagination_mode\":\"disable\",\"pagination_nextprev_showtext\":\"\",\"pagination_number_post\":4,\"pagination_scroll_limit\":0,\"ads_type\":\"disable\",\"ads_position\":1,\"ads_random\":\"\",\"ads_image\":\"\",\"ads_image_tablet\":\"\",\"ads_image_phone\":\"\",\"ads_image_link\":\"\",\"ads_image_alt\":\"\",\"ads_image_new_tab\":\"\",\"google_publisher_id\":\"\",\"google_slot_id\":\"\",\"google_desktop\":\"auto\",\"google_tab\":\"auto\",\"google_phone\":\"auto\",\"content\":\"\",\"ads_bottom_text\":\"\",\"el_id\":\"\",\"el_class\":\"\",\"scheme\":\"\",\"column_width\":\"auto\",\"title_color\":\"\",\"accent_color\":\"\",\"alt_color\":\"\",\"excerpt_color\":\"\",\"block_background\":\"\",\"css\":\"\",\"compatible_column_notice\":\"\",\"paged\":1,\"column_class\":\"jeg_col_2o3\",\"class\":\"jnews_block_12\"};<\/script>\n\t\t\t\t<\/div>[\/vc_column][\/vc_row][vc_row][vc_column][vc_empty_space height=&#8221;40px&#8221;][vc_column_text]      <div class=\"wp_bannerize_container wp_bannerize_layout_vertical\">\n\n        <div class=\"wp_bannerize_banner_box wp_bannerize_category_wp-bannerize-grupo04-desk\" data-title=\"Equipotel 2026 desk\" data-mime_type=\"image-jpeg\" data-banner_id=\"83352\" id=\"wpbanner-83352\" data-impressions_enabled=\"true\" data-clicks_enabled=\"true\"><a href=\"https:\/\/shre.ink\/jZy4\" target=\"_blank\"><img loading=\"lazy\" decoding=\"async\" border=\"0\" width=\"1080\" height=\"100\" src=\"https:\/\/www.travel3.com.br\/site\/wp-content\/uploads\/2026\/07\/Equipotel-2026-desk.jpg\" alt=\"Equipotel 2026 desk\" title=\"Equipotel 2026 desk\" \/><\/a><\/div>      <\/div>\n\n<br \/>\n[\/vc_column_text][vc_empty_space height=&#8221;40px&#8221;][vc_column_text]\n<div id=\"sb_instagram\"  class=\"sbi sbi_mob_col_1 sbi_tab_col_2 sbi_col_4\" style=\"padding-bottom: 10px; width: 100%;\"\t data-feedid=\"sbi_17841400161525090#4\"  data-res=\"auto\" data-cols=\"4\" data-colsmobile=\"1\" data-colstablet=\"2\" data-num=\"4\" data-nummobile=\"\" data-item-padding=\"5\"\t data-shortcode-atts=\"{&quot;num&quot;:&quot;4&quot;,&quot;cols&quot;:&quot;4&quot;}\"  data-postid=\"46012\" data-locatornonce=\"87de2d7ee5\" data-imageaspectratio=\"1:1\" data-sbi-flags=\"favorLocal\">\n\t<div class=\"sb_instagram_header \"   >\n\t<a class=\"sbi_header_link\" target=\"_blank\"\n\t   rel=\"nofollow noopener\" href=\"https:\/\/www.instagram.com\/revistatravel3\/\" title=\"@revistatravel3\">\n\t\t<div class=\"sbi_header_text\">\n\t\t\t<div class=\"sbi_header_img\"  data-avatar-url=\"https:\/\/scontent-lax3-1.cdninstagram.com\/v\/t51.2885-19\/83528906_547965462471713_5037408077364592640_n.jpg?stp=dst-jpg_s206x206_tt6&amp;_nc_cat=109&amp;ccb=7-5&amp;_nc_sid=bf7eb4&amp;efg=eyJ2ZW5jb2RlX3RhZyI6InByb2ZpbGVfcGljLnd3dy42NDAuQzMifQ%3D%3D&amp;_nc_ohc=Q5F0LVL0uaIQ7kNvwHOsK4G&amp;_nc_oc=Adqm7O0i-_sx4UdQF_JMJ6tz5L152EQd4Qfm_174eIe7kIOUHx1Pu_2Zd1HnBt3NjIc&amp;_nc_zt=24&amp;_nc_ht=scontent-lax3-1.cdninstagram.com&amp;edm=AP4hL3IEAAAA&amp;_nc_tpa=Q5bMBQJK22ijMAAcidjOl8ZRFJA9jLvyFP2_-LDD9tYqaPJ_UbxTvLZGOMZly_0nu_61Dup-2dYuk2NTSQ&amp;oh=00_AQJ-JEZGVJvBMVRSJW9gg8yWXm_jZCP-o7ipq9PsupZnjg&amp;oe=6AA02796\">\n\t\t\t\t\t\t\t\t\t<div class=\"sbi_header_img_hover\"  ><svg class=\"sbi_new_logo fa-instagram fa-w-14\" aria-hidden=\"true\" data-fa-processed=\"\" aria-label=\"Instagram\" data-prefix=\"fab\" data-icon=\"instagram\" role=\"img\" viewBox=\"0 0 448 512\">\n                    <path fill=\"currentColor\" d=\"M224.1 141c-63.6 0-114.9 51.3-114.9 114.9s51.3 114.9 114.9 114.9S339 319.5 339 255.9 287.7 141 224.1 141zm0 189.6c-41.1 0-74.7-33.5-74.7-74.7s33.5-74.7 74.7-74.7 74.7 33.5 74.7 74.7-33.6 74.7-74.7 74.7zm146.4-194.3c0 14.9-12 26.8-26.8 26.8-14.9 0-26.8-12-26.8-26.8s12-26.8 26.8-26.8 26.8 12 26.8 26.8zm76.1 27.2c-1.7-35.9-9.9-67.7-36.2-93.9-26.2-26.2-58-34.4-93.9-36.2-37-2.1-147.9-2.1-184.9 0-35.8 1.7-67.6 9.9-93.9 36.1s-34.4 58-36.2 93.9c-2.1 37-2.1 147.9 0 184.9 1.7 35.9 9.9 67.7 36.2 93.9s58 34.4 93.9 36.2c37 2.1 147.9 2.1 184.9 0 35.9-1.7 67.7-9.9 93.9-36.2 26.2-26.2 34.4-58 36.2-93.9 2.1-37 2.1-147.8 0-184.8zM398.8 388c-7.8 19.6-22.9 34.7-42.6 42.6-29.5 11.7-99.5 9-132.1 9s-102.7 2.6-132.1-9c-19.6-7.8-34.7-22.9-42.6-42.6-11.7-29.5-9-99.5-9-132.1s-2.6-102.7 9-132.1c7.8-19.6 22.9-34.7 42.6-42.6 29.5-11.7 99.5-9 132.1-9s102.7-2.6 132.1 9c19.6 7.8 34.7 22.9 42.6 42.6 11.7 29.5 9 99.5 9 132.1s2.7 102.7-9 132.1z\"><\/path>\n                <\/svg><\/div>\n\t\t\t\t\t<img loading=\"lazy\" decoding=\"async\"  src=\"https:\/\/www.travel3.com.br\/site\/wp-content\/uploads\/sb-instagram-feed-images\/revistatravel3.webp\" alt=\"\" width=\"50\" height=\"50\">\n\t\t\t\t\n\t\t\t\t\t\t\t<\/div>\n\n\t\t\t<div class=\"sbi_feedtheme_header_text\">\n\t\t\t\t<h3>revistatravel3<\/h3>\n\t\t\t\t\t\t\t\t\t<p class=\"sbi_bio\">@RevistaTravel3<br>\nDesde 2007, conectando voc\u00ea aos melhores destinos<br>\nLazer + Neg\u00f3cios + Aventura<br>\nPor Caroline &amp; Claudia Tonaco<\/p>\n\t\t\t\t\t\t\t<\/div>\n\t\t<\/div>\n\t<\/a>\n<\/div>\n\n\t<div id=\"sbi_images\"  style=\"gap: 10px;\">\n\t\t<div class=\"sbi_item sbi_type_carousel sbi_new sbi_transition\"\n\tid=\"sbi_18095632292531253\" data-date=\"1788390005\">\n\t<div class=\"sbi_photo_wrap\">\n\t\t<a class=\"sbi_photo\" href=\"https:\/\/www.instagram.com\/p\/DczXeIjkQhB\/\" target=\"_blank\" rel=\"noopener nofollow\"\n\t\t\tdata-full-res=\"https:\/\/scontent-lax7-1.cdninstagram.com\/v\/t51.82787-15\/792748873_18641090053005385_4165502431150083121_n.jpg?stp=dst-jpg_e35_tt6&#038;_nc_cat=105&#038;ccb=7-5&#038;_nc_sid=18de74&#038;efg=eyJlZmdfdGFnIjoiQ0FST1VTRUxfSVRFTS5iZXN0X2ltYWdlX3VybGdlbi5DMyJ9&#038;_nc_ohc=tbXwi3ykEpcQ7kNvwEThTgY&#038;_nc_oc=AdqQ-CIP4jGp1hqMG6_9qevJGXEhUmjxneWdQip1T9B5n16P1wJifUapRqV86bSzdc0&#038;_nc_zt=23&#038;_nc_ht=scontent-lax7-1.cdninstagram.com&#038;edm=ANo9K5cEAAAA&#038;_nc_gid=vTwLHQJwfIVy79SDUkxrIA&#038;_nc_tpa=Q5bMBQJi8UZ-Yp-t1lHIwfMy7WcLAai9zofCNE6EfnF7MYIP7p-hjdHyUvUjV86wrLquxvDazFp_7i2xhg&#038;oh=00_AQIKK6U1eE6qJs8qJcy2FgG_nE5GWDMU5qs2JTbd6bsn2g&#038;oe=6AA021DD\"\n\t\t\tdata-img-src-set=\"{&quot;d&quot;:&quot;https:\\\/\\\/scontent-lax7-1.cdninstagram.com\\\/v\\\/t51.82787-15\\\/792748873_18641090053005385_4165502431150083121_n.jpg?stp=dst-jpg_e35_tt6&amp;_nc_cat=105&amp;ccb=7-5&amp;_nc_sid=18de74&amp;efg=eyJlZmdfdGFnIjoiQ0FST1VTRUxfSVRFTS5iZXN0X2ltYWdlX3VybGdlbi5DMyJ9&amp;_nc_ohc=tbXwi3ykEpcQ7kNvwEThTgY&amp;_nc_oc=AdqQ-CIP4jGp1hqMG6_9qevJGXEhUmjxneWdQip1T9B5n16P1wJifUapRqV86bSzdc0&amp;_nc_zt=23&amp;_nc_ht=scontent-lax7-1.cdninstagram.com&amp;edm=ANo9K5cEAAAA&amp;_nc_gid=vTwLHQJwfIVy79SDUkxrIA&amp;_nc_tpa=Q5bMBQJi8UZ-Yp-t1lHIwfMy7WcLAai9zofCNE6EfnF7MYIP7p-hjdHyUvUjV86wrLquxvDazFp_7i2xhg&amp;oh=00_AQIKK6U1eE6qJs8qJcy2FgG_nE5GWDMU5qs2JTbd6bsn2g&amp;oe=6AA021DD&quot;,&quot;150&quot;:&quot;https:\\\/\\\/scontent-lax7-1.cdninstagram.com\\\/v\\\/t51.82787-15\\\/792748873_18641090053005385_4165502431150083121_n.jpg?stp=dst-jpg_e35_tt6&amp;_nc_cat=105&amp;ccb=7-5&amp;_nc_sid=18de74&amp;efg=eyJlZmdfdGFnIjoiQ0FST1VTRUxfSVRFTS5iZXN0X2ltYWdlX3VybGdlbi5DMyJ9&amp;_nc_ohc=tbXwi3ykEpcQ7kNvwEThTgY&amp;_nc_oc=AdqQ-CIP4jGp1hqMG6_9qevJGXEhUmjxneWdQip1T9B5n16P1wJifUapRqV86bSzdc0&amp;_nc_zt=23&amp;_nc_ht=scontent-lax7-1.cdninstagram.com&amp;edm=ANo9K5cEAAAA&amp;_nc_gid=vTwLHQJwfIVy79SDUkxrIA&amp;_nc_tpa=Q5bMBQJi8UZ-Yp-t1lHIwfMy7WcLAai9zofCNE6EfnF7MYIP7p-hjdHyUvUjV86wrLquxvDazFp_7i2xhg&amp;oh=00_AQIKK6U1eE6qJs8qJcy2FgG_nE5GWDMU5qs2JTbd6bsn2g&amp;oe=6AA021DD&quot;,&quot;320&quot;:&quot;https:\\\/\\\/scontent-lax7-1.cdninstagram.com\\\/v\\\/t51.82787-15\\\/792748873_18641090053005385_4165502431150083121_n.jpg?stp=dst-jpg_e35_tt6&amp;_nc_cat=105&amp;ccb=7-5&amp;_nc_sid=18de74&amp;efg=eyJlZmdfdGFnIjoiQ0FST1VTRUxfSVRFTS5iZXN0X2ltYWdlX3VybGdlbi5DMyJ9&amp;_nc_ohc=tbXwi3ykEpcQ7kNvwEThTgY&amp;_nc_oc=AdqQ-CIP4jGp1hqMG6_9qevJGXEhUmjxneWdQip1T9B5n16P1wJifUapRqV86bSzdc0&amp;_nc_zt=23&amp;_nc_ht=scontent-lax7-1.cdninstagram.com&amp;edm=ANo9K5cEAAAA&amp;_nc_gid=vTwLHQJwfIVy79SDUkxrIA&amp;_nc_tpa=Q5bMBQJi8UZ-Yp-t1lHIwfMy7WcLAai9zofCNE6EfnF7MYIP7p-hjdHyUvUjV86wrLquxvDazFp_7i2xhg&amp;oh=00_AQIKK6U1eE6qJs8qJcy2FgG_nE5GWDMU5qs2JTbd6bsn2g&amp;oe=6AA021DD&quot;,&quot;640&quot;:&quot;https:\\\/\\\/scontent-lax7-1.cdninstagram.com\\\/v\\\/t51.82787-15\\\/792748873_18641090053005385_4165502431150083121_n.jpg?stp=dst-jpg_e35_tt6&amp;_nc_cat=105&amp;ccb=7-5&amp;_nc_sid=18de74&amp;efg=eyJlZmdfdGFnIjoiQ0FST1VTRUxfSVRFTS5iZXN0X2ltYWdlX3VybGdlbi5DMyJ9&amp;_nc_ohc=tbXwi3ykEpcQ7kNvwEThTgY&amp;_nc_oc=AdqQ-CIP4jGp1hqMG6_9qevJGXEhUmjxneWdQip1T9B5n16P1wJifUapRqV86bSzdc0&amp;_nc_zt=23&amp;_nc_ht=scontent-lax7-1.cdninstagram.com&amp;edm=ANo9K5cEAAAA&amp;_nc_gid=vTwLHQJwfIVy79SDUkxrIA&amp;_nc_tpa=Q5bMBQJi8UZ-Yp-t1lHIwfMy7WcLAai9zofCNE6EfnF7MYIP7p-hjdHyUvUjV86wrLquxvDazFp_7i2xhg&amp;oh=00_AQIKK6U1eE6qJs8qJcy2FgG_nE5GWDMU5qs2JTbd6bsn2g&amp;oe=6AA021DD&quot;}\">\n\t\t\t<span class=\"sbi-screenreader\">Nem s\u00f3 de mar vive a Costa Rica. \ud83c\udde8\ud83c\uddf7\n\nDepois<\/span>\n\t\t\t<svg class=\"svg-inline--fa fa-clone fa-w-16 sbi_lightbox_carousel_icon\" aria-hidden=\"true\" aria-label=\"Clone\" data-fa-pro\u0192cessed=\"\" data-prefix=\"far\" data-icon=\"clone\" role=\"img\" xmlns=\"http:\/\/www.w3.org\/2000\/svg\" viewBox=\"0 0 512 512\">\n                    <path fill=\"currentColor\" d=\"M464 0H144c-26.51 0-48 21.49-48 48v48H48c-26.51 0-48 21.49-48 48v320c0 26.51 21.49 48 48 48h320c26.51 0 48-21.49 48-48v-48h48c26.51 0 48-21.49 48-48V48c0-26.51-21.49-48-48-48zM362 464H54a6 6 0 0 1-6-6V150a6 6 0 0 1 6-6h42v224c0 26.51 21.49 48 48 48h224v42a6 6 0 0 1-6 6zm96-96H150a6 6 0 0 1-6-6V54a6 6 0 0 1 6-6h308a6 6 0 0 1 6 6v308a6 6 0 0 1-6 6z\"><\/path>\n                <\/svg>\t\t\t\t\t\t<img decoding=\"async\" src=\"https:\/\/www.travel3.com.br\/site\/wp-content\/plugins\/instagram-feed\/img\/placeholder.png\" alt=\"Nem s\u00f3 de mar vive a Costa Rica. \ud83c\udde8\ud83c\uddf7\n\nDepois das baleias no Pac\u00edfico, vieram cachoeiras, pregui\u00e7as, florestas, chuva, aves e as terras altas de Dota, com temperaturas pr\u00f3ximas dos 10\u00b0C.\n\nFoi isso que mais me surpreendeu no pa\u00eds: em poucas horas de estrada, tudo muda \u2014 a paisagem, o clima e at\u00e9 a forma de observar a natureza.\n\nO mar \u00e9 espetacular. Mas \u00e9 apenas uma das muitas vers\u00f5es da Costa Rica.\n\nPura Vida. \ud83d\udc9a\ud83c\udde8\ud83c\uddf7\" aria-hidden=\"true\">\n\t\t<\/a>\n\t<\/div>\n<\/div><div class=\"sbi_item sbi_type_video sbi_new sbi_transition\"\n\tid=\"sbi_18093420341187590\" data-date=\"1788280605\">\n\t<div class=\"sbi_photo_wrap\">\n\t\t<a class=\"sbi_photo\" href=\"https:\/\/www.instagram.com\/reel\/DcwGS42xPoH\/\" target=\"_blank\" rel=\"noopener nofollow\"\n\t\t\tdata-full-res=\"https:\/\/scontent-lax3-2.cdninstagram.com\/v\/t51.82787-15\/791045403_18640638589005385_2330643847820961765_n.jpg?stp=dst-jpg_e35_tt6&#038;_nc_cat=107&#038;ccb=7-5&#038;_nc_sid=18de74&#038;efg=eyJlZmdfdGFnIjoiQ0xJUFMuYmVzdF9pbWFnZV91cmxnZW4uQzMifQ%3D%3D&#038;_nc_ohc=i3z7u9m8EBAQ7kNvwEE-D_e&#038;_nc_oc=AdpZKbB4uNI-O09ii9VKLCRa3BD4KbGK4R_RledyxDi5-jzeEAG37WPO7EIDxmll2xo&#038;_nc_zt=23&#038;_nc_ht=scontent-lax3-2.cdninstagram.com&#038;edm=ANo9K5cEAAAA&#038;_nc_gid=vTwLHQJwfIVy79SDUkxrIA&#038;_nc_tpa=Q5bMBQJrLD4OoUUPd0yL-xRpC_Sd2dcZD00F7qn9kVlL3LuWEkk19bD0T4v-a0gqbyqrYusQBpFD7-bFWg&#038;oh=00_AQKMUAHn3G4ux8wuxuk_-g9rETk0gFBKYYCcDm8W-syirQ&#038;oe=6A9FFBBB\"\n\t\t\tdata-img-src-set=\"{&quot;d&quot;:&quot;https:\\\/\\\/scontent-lax3-2.cdninstagram.com\\\/v\\\/t51.82787-15\\\/791045403_18640638589005385_2330643847820961765_n.jpg?stp=dst-jpg_e35_tt6&amp;_nc_cat=107&amp;ccb=7-5&amp;_nc_sid=18de74&amp;efg=eyJlZmdfdGFnIjoiQ0xJUFMuYmVzdF9pbWFnZV91cmxnZW4uQzMifQ%3D%3D&amp;_nc_ohc=i3z7u9m8EBAQ7kNvwEE-D_e&amp;_nc_oc=AdpZKbB4uNI-O09ii9VKLCRa3BD4KbGK4R_RledyxDi5-jzeEAG37WPO7EIDxmll2xo&amp;_nc_zt=23&amp;_nc_ht=scontent-lax3-2.cdninstagram.com&amp;edm=ANo9K5cEAAAA&amp;_nc_gid=vTwLHQJwfIVy79SDUkxrIA&amp;_nc_tpa=Q5bMBQJrLD4OoUUPd0yL-xRpC_Sd2dcZD00F7qn9kVlL3LuWEkk19bD0T4v-a0gqbyqrYusQBpFD7-bFWg&amp;oh=00_AQKMUAHn3G4ux8wuxuk_-g9rETk0gFBKYYCcDm8W-syirQ&amp;oe=6A9FFBBB&quot;,&quot;150&quot;:&quot;https:\\\/\\\/scontent-lax3-2.cdninstagram.com\\\/v\\\/t51.82787-15\\\/791045403_18640638589005385_2330643847820961765_n.jpg?stp=dst-jpg_e35_tt6&amp;_nc_cat=107&amp;ccb=7-5&amp;_nc_sid=18de74&amp;efg=eyJlZmdfdGFnIjoiQ0xJUFMuYmVzdF9pbWFnZV91cmxnZW4uQzMifQ%3D%3D&amp;_nc_ohc=i3z7u9m8EBAQ7kNvwEE-D_e&amp;_nc_oc=AdpZKbB4uNI-O09ii9VKLCRa3BD4KbGK4R_RledyxDi5-jzeEAG37WPO7EIDxmll2xo&amp;_nc_zt=23&amp;_nc_ht=scontent-lax3-2.cdninstagram.com&amp;edm=ANo9K5cEAAAA&amp;_nc_gid=vTwLHQJwfIVy79SDUkxrIA&amp;_nc_tpa=Q5bMBQJrLD4OoUUPd0yL-xRpC_Sd2dcZD00F7qn9kVlL3LuWEkk19bD0T4v-a0gqbyqrYusQBpFD7-bFWg&amp;oh=00_AQKMUAHn3G4ux8wuxuk_-g9rETk0gFBKYYCcDm8W-syirQ&amp;oe=6A9FFBBB&quot;,&quot;320&quot;:&quot;https:\\\/\\\/scontent-lax3-2.cdninstagram.com\\\/v\\\/t51.82787-15\\\/791045403_18640638589005385_2330643847820961765_n.jpg?stp=dst-jpg_e35_tt6&amp;_nc_cat=107&amp;ccb=7-5&amp;_nc_sid=18de74&amp;efg=eyJlZmdfdGFnIjoiQ0xJUFMuYmVzdF9pbWFnZV91cmxnZW4uQzMifQ%3D%3D&amp;_nc_ohc=i3z7u9m8EBAQ7kNvwEE-D_e&amp;_nc_oc=AdpZKbB4uNI-O09ii9VKLCRa3BD4KbGK4R_RledyxDi5-jzeEAG37WPO7EIDxmll2xo&amp;_nc_zt=23&amp;_nc_ht=scontent-lax3-2.cdninstagram.com&amp;edm=ANo9K5cEAAAA&amp;_nc_gid=vTwLHQJwfIVy79SDUkxrIA&amp;_nc_tpa=Q5bMBQJrLD4OoUUPd0yL-xRpC_Sd2dcZD00F7qn9kVlL3LuWEkk19bD0T4v-a0gqbyqrYusQBpFD7-bFWg&amp;oh=00_AQKMUAHn3G4ux8wuxuk_-g9rETk0gFBKYYCcDm8W-syirQ&amp;oe=6A9FFBBB&quot;,&quot;640&quot;:&quot;https:\\\/\\\/scontent-lax3-2.cdninstagram.com\\\/v\\\/t51.82787-15\\\/791045403_18640638589005385_2330643847820961765_n.jpg?stp=dst-jpg_e35_tt6&amp;_nc_cat=107&amp;ccb=7-5&amp;_nc_sid=18de74&amp;efg=eyJlZmdfdGFnIjoiQ0xJUFMuYmVzdF9pbWFnZV91cmxnZW4uQzMifQ%3D%3D&amp;_nc_ohc=i3z7u9m8EBAQ7kNvwEE-D_e&amp;_nc_oc=AdpZKbB4uNI-O09ii9VKLCRa3BD4KbGK4R_RledyxDi5-jzeEAG37WPO7EIDxmll2xo&amp;_nc_zt=23&amp;_nc_ht=scontent-lax3-2.cdninstagram.com&amp;edm=ANo9K5cEAAAA&amp;_nc_gid=vTwLHQJwfIVy79SDUkxrIA&amp;_nc_tpa=Q5bMBQJrLD4OoUUPd0yL-xRpC_Sd2dcZD00F7qn9kVlL3LuWEkk19bD0T4v-a0gqbyqrYusQBpFD7-bFWg&amp;oh=00_AQKMUAHn3G4ux8wuxuk_-g9rETk0gFBKYYCcDm8W-syirQ&amp;oe=6A9FFBBB&quot;}\">\n\t\t\t<span class=\"sbi-screenreader\"><\/span>\n\t\t\t\t\t\t<svg style=\"color: rgba(255,255,255,1)\" class=\"svg-inline--fa fa-play fa-w-14 sbi_playbtn\" aria-label=\"Play\" aria-hidden=\"true\" data-fa-processed=\"\" data-prefix=\"fa\" data-icon=\"play\" role=\"presentation\" xmlns=\"http:\/\/www.w3.org\/2000\/svg\" viewBox=\"0 0 448 512\"><path fill=\"currentColor\" d=\"M424.4 214.7L72.4 6.6C43.8-10.3 0 6.1 0 47.9V464c0 37.5 40.7 60.1 72.4 41.3l352-208c31.4-18.5 31.5-64.1 0-82.6z\"><\/path><\/svg>\t\t\t<img decoding=\"async\" src=\"https:\/\/www.travel3.com.br\/site\/wp-content\/plugins\/instagram-feed\/img\/placeholder.png\" alt=\"O esperado encontro com uma baleia-jubarte no Pac\u00edfico da Costa Rica!\n\nEla surgiu ao lado do barco, e esse momento ficou pra eternidade! \u2764\ufe0f\ud83d\udc0b\ud83c\udde8\ud83c\uddf7\n\n#CostaRica #Baleias #WhaleWatching #PuraVida #Travel3\" aria-hidden=\"true\">\n\t\t<\/a>\n\t<\/div>\n<\/div><div class=\"sbi_item sbi_type_carousel sbi_new sbi_transition\"\n\tid=\"sbi_18334634479286596\" data-date=\"1785500679\">\n\t<div class=\"sbi_photo_wrap\">\n\t\t<a class=\"sbi_photo\" href=\"https:\/\/www.instagram.com\/p\/DbdQhJxkYNM\/\" target=\"_blank\" rel=\"noopener nofollow\"\n\t\t\tdata-full-res=\"https:\/\/scontent-lax7-1.cdninstagram.com\/v\/t51.82787-15\/759252341_18628808047005385_1285258093698643027_n.jpg?stp=dst-jpg_e35_tt6&#038;_nc_cat=101&#038;ccb=7-5&#038;_nc_sid=18de74&#038;efg=eyJlZmdfdGFnIjoiQ0FST1VTRUxfSVRFTS5iZXN0X2ltYWdlX3VybGdlbi5DMyJ9&#038;_nc_ohc=EDiBQu-edUYQ7kNvwEM8Ijx&#038;_nc_oc=AdrkdEqCuPZHetNe5LNRwDFyD0L6qIxfNETGaknrpL6tmcuRiiwcJ9LbUfLEbjlkAyk&#038;_nc_zt=23&#038;_nc_ht=scontent-lax7-1.cdninstagram.com&#038;edm=ANo9K5cEAAAA&#038;_nc_gid=vTwLHQJwfIVy79SDUkxrIA&#038;_nc_tpa=Q5bMBQL3dvFPvVW1n_vrj2qd4dulEobkYQnj81gmZiOQ8XTShT4LNhmCz7icfD5QJU1DRNtprKHXMEd6eg&#038;oh=00_AQImE1zxXKLxQfwuCCHNNDU3n7cbyrVsKQZ7Tqk4SczLsw&#038;oe=6AA01565\"\n\t\t\tdata-img-src-set=\"{&quot;d&quot;:&quot;https:\\\/\\\/scontent-lax7-1.cdninstagram.com\\\/v\\\/t51.82787-15\\\/759252341_18628808047005385_1285258093698643027_n.jpg?stp=dst-jpg_e35_tt6&amp;_nc_cat=101&amp;ccb=7-5&amp;_nc_sid=18de74&amp;efg=eyJlZmdfdGFnIjoiQ0FST1VTRUxfSVRFTS5iZXN0X2ltYWdlX3VybGdlbi5DMyJ9&amp;_nc_ohc=EDiBQu-edUYQ7kNvwEM8Ijx&amp;_nc_oc=AdrkdEqCuPZHetNe5LNRwDFyD0L6qIxfNETGaknrpL6tmcuRiiwcJ9LbUfLEbjlkAyk&amp;_nc_zt=23&amp;_nc_ht=scontent-lax7-1.cdninstagram.com&amp;edm=ANo9K5cEAAAA&amp;_nc_gid=vTwLHQJwfIVy79SDUkxrIA&amp;_nc_tpa=Q5bMBQL3dvFPvVW1n_vrj2qd4dulEobkYQnj81gmZiOQ8XTShT4LNhmCz7icfD5QJU1DRNtprKHXMEd6eg&amp;oh=00_AQImE1zxXKLxQfwuCCHNNDU3n7cbyrVsKQZ7Tqk4SczLsw&amp;oe=6AA01565&quot;,&quot;150&quot;:&quot;https:\\\/\\\/scontent-lax7-1.cdninstagram.com\\\/v\\\/t51.82787-15\\\/759252341_18628808047005385_1285258093698643027_n.jpg?stp=dst-jpg_e35_tt6&amp;_nc_cat=101&amp;ccb=7-5&amp;_nc_sid=18de74&amp;efg=eyJlZmdfdGFnIjoiQ0FST1VTRUxfSVRFTS5iZXN0X2ltYWdlX3VybGdlbi5DMyJ9&amp;_nc_ohc=EDiBQu-edUYQ7kNvwEM8Ijx&amp;_nc_oc=AdrkdEqCuPZHetNe5LNRwDFyD0L6qIxfNETGaknrpL6tmcuRiiwcJ9LbUfLEbjlkAyk&amp;_nc_zt=23&amp;_nc_ht=scontent-lax7-1.cdninstagram.com&amp;edm=ANo9K5cEAAAA&amp;_nc_gid=vTwLHQJwfIVy79SDUkxrIA&amp;_nc_tpa=Q5bMBQL3dvFPvVW1n_vrj2qd4dulEobkYQnj81gmZiOQ8XTShT4LNhmCz7icfD5QJU1DRNtprKHXMEd6eg&amp;oh=00_AQImE1zxXKLxQfwuCCHNNDU3n7cbyrVsKQZ7Tqk4SczLsw&amp;oe=6AA01565&quot;,&quot;320&quot;:&quot;https:\\\/\\\/scontent-lax7-1.cdninstagram.com\\\/v\\\/t51.82787-15\\\/759252341_18628808047005385_1285258093698643027_n.jpg?stp=dst-jpg_e35_tt6&amp;_nc_cat=101&amp;ccb=7-5&amp;_nc_sid=18de74&amp;efg=eyJlZmdfdGFnIjoiQ0FST1VTRUxfSVRFTS5iZXN0X2ltYWdlX3VybGdlbi5DMyJ9&amp;_nc_ohc=EDiBQu-edUYQ7kNvwEM8Ijx&amp;_nc_oc=AdrkdEqCuPZHetNe5LNRwDFyD0L6qIxfNETGaknrpL6tmcuRiiwcJ9LbUfLEbjlkAyk&amp;_nc_zt=23&amp;_nc_ht=scontent-lax7-1.cdninstagram.com&amp;edm=ANo9K5cEAAAA&amp;_nc_gid=vTwLHQJwfIVy79SDUkxrIA&amp;_nc_tpa=Q5bMBQL3dvFPvVW1n_vrj2qd4dulEobkYQnj81gmZiOQ8XTShT4LNhmCz7icfD5QJU1DRNtprKHXMEd6eg&amp;oh=00_AQImE1zxXKLxQfwuCCHNNDU3n7cbyrVsKQZ7Tqk4SczLsw&amp;oe=6AA01565&quot;,&quot;640&quot;:&quot;https:\\\/\\\/scontent-lax7-1.cdninstagram.com\\\/v\\\/t51.82787-15\\\/759252341_18628808047005385_1285258093698643027_n.jpg?stp=dst-jpg_e35_tt6&amp;_nc_cat=101&amp;ccb=7-5&amp;_nc_sid=18de74&amp;efg=eyJlZmdfdGFnIjoiQ0FST1VTRUxfSVRFTS5iZXN0X2ltYWdlX3VybGdlbi5DMyJ9&amp;_nc_ohc=EDiBQu-edUYQ7kNvwEM8Ijx&amp;_nc_oc=AdrkdEqCuPZHetNe5LNRwDFyD0L6qIxfNETGaknrpL6tmcuRiiwcJ9LbUfLEbjlkAyk&amp;_nc_zt=23&amp;_nc_ht=scontent-lax7-1.cdninstagram.com&amp;edm=ANo9K5cEAAAA&amp;_nc_gid=vTwLHQJwfIVy79SDUkxrIA&amp;_nc_tpa=Q5bMBQL3dvFPvVW1n_vrj2qd4dulEobkYQnj81gmZiOQ8XTShT4LNhmCz7icfD5QJU1DRNtprKHXMEd6eg&amp;oh=00_AQImE1zxXKLxQfwuCCHNNDU3n7cbyrVsKQZ7Tqk4SczLsw&amp;oe=6AA01565&quot;}\">\n\t\t\t<span class=\"sbi-screenreader\">Existem cidades que impressionam pelos monumentos.<\/span>\n\t\t\t<svg class=\"svg-inline--fa fa-clone fa-w-16 sbi_lightbox_carousel_icon\" aria-hidden=\"true\" aria-label=\"Clone\" data-fa-pro\u0192cessed=\"\" data-prefix=\"far\" data-icon=\"clone\" role=\"img\" xmlns=\"http:\/\/www.w3.org\/2000\/svg\" viewBox=\"0 0 512 512\">\n                    <path fill=\"currentColor\" d=\"M464 0H144c-26.51 0-48 21.49-48 48v48H48c-26.51 0-48 21.49-48 48v320c0 26.51 21.49 48 48 48h320c26.51 0 48-21.49 48-48v-48h48c26.51 0 48-21.49 48-48V48c0-26.51-21.49-48-48-48zM362 464H54a6 6 0 0 1-6-6V150a6 6 0 0 1 6-6h42v224c0 26.51 21.49 48 48 48h224v42a6 6 0 0 1-6 6zm96-96H150a6 6 0 0 1-6-6V54a6 6 0 0 1 6-6h308a6 6 0 0 1 6 6v308a6 6 0 0 1-6 6z\"><\/path>\n                <\/svg>\t\t\t\t\t\t<img decoding=\"async\" src=\"https:\/\/www.travel3.com.br\/site\/wp-content\/plugins\/instagram-feed\/img\/placeholder.png\" alt=\"Existem cidades que impressionam pelos monumentos. Diamantina impressiona pelo conjunto.\n\nN\u00e3o existe uma \u00fanica rua mais bonita, uma \u00fanica igreja imperd\u00edvel ou um \u00fanico cart\u00e3o-postal. O encanto est\u00e1 em percorrer o Centro Hist\u00f3rico sem rumo, e deixar que cada esquina revele uma nova paisagem.\n\n\u00c9 assim que se entende por que Diamantina recebeu o t\u00edtulo de Patrim\u00f4nio Mundial: n\u00e3o apenas pelos edif\u00edcios preservados, mas pela atmosfera que faz parecer que o tempo escolheu passar mais devagar por aqui.\n\n#travel3 #diamantina #patrimoniomundial #cidadehistorica\" aria-hidden=\"true\">\n\t\t<\/a>\n\t<\/div>\n<\/div><div class=\"sbi_item sbi_type_video sbi_new sbi_transition\"\n\tid=\"sbi_17899714578519261\" data-date=\"1785339838\">\n\t<div class=\"sbi_photo_wrap\">\n\t\t<a class=\"sbi_photo\" href=\"https:\/\/www.instagram.com\/reel\/DbYbrnURTyb\/\" target=\"_blank\" rel=\"noopener nofollow\"\n\t\t\tdata-full-res=\"https:\/\/scontent-lax3-1.cdninstagram.com\/v\/t51.82787-15\/758635750_18628165636005385_9098824898998653588_n.jpg?stp=dst-jpg_e35_tt6&#038;_nc_cat=108&#038;ccb=7-5&#038;_nc_sid=18de74&#038;efg=eyJlZmdfdGFnIjoiQ0xJUFMuYmVzdF9pbWFnZV91cmxnZW4uQzMifQ%3D%3D&#038;_nc_ohc=ctb3xLTRpNMQ7kNvwF9Azaa&#038;_nc_oc=Adr3ZlqdASHEvEMQwJS1ISfXM5oma4pao7eGmjsWwYvpnOq3zSTBlyzhlrL71Yyajak&#038;_nc_zt=23&#038;_nc_ht=scontent-lax3-1.cdninstagram.com&#038;edm=ANo9K5cEAAAA&#038;_nc_gid=vTwLHQJwfIVy79SDUkxrIA&#038;_nc_tpa=Q5bMBQKfM1G58lyKCzF_MXTs3SXeRY-T-NozhxqIAh_vHH-b2vKM0j4CAtHGoXh4hhFft71zAHJV-DZcrg&#038;oh=00_AQJrOfPaBhrJ263-GRvUWeMzJYx6t8z3H5OP3rRvH6ag4w&#038;oe=6AA0044E\"\n\t\t\tdata-img-src-set=\"{&quot;d&quot;:&quot;https:\\\/\\\/scontent-lax3-1.cdninstagram.com\\\/v\\\/t51.82787-15\\\/758635750_18628165636005385_9098824898998653588_n.jpg?stp=dst-jpg_e35_tt6&amp;_nc_cat=108&amp;ccb=7-5&amp;_nc_sid=18de74&amp;efg=eyJlZmdfdGFnIjoiQ0xJUFMuYmVzdF9pbWFnZV91cmxnZW4uQzMifQ%3D%3D&amp;_nc_ohc=ctb3xLTRpNMQ7kNvwF9Azaa&amp;_nc_oc=Adr3ZlqdASHEvEMQwJS1ISfXM5oma4pao7eGmjsWwYvpnOq3zSTBlyzhlrL71Yyajak&amp;_nc_zt=23&amp;_nc_ht=scontent-lax3-1.cdninstagram.com&amp;edm=ANo9K5cEAAAA&amp;_nc_gid=vTwLHQJwfIVy79SDUkxrIA&amp;_nc_tpa=Q5bMBQKfM1G58lyKCzF_MXTs3SXeRY-T-NozhxqIAh_vHH-b2vKM0j4CAtHGoXh4hhFft71zAHJV-DZcrg&amp;oh=00_AQJrOfPaBhrJ263-GRvUWeMzJYx6t8z3H5OP3rRvH6ag4w&amp;oe=6AA0044E&quot;,&quot;150&quot;:&quot;https:\\\/\\\/scontent-lax3-1.cdninstagram.com\\\/v\\\/t51.82787-15\\\/758635750_18628165636005385_9098824898998653588_n.jpg?stp=dst-jpg_e35_tt6&amp;_nc_cat=108&amp;ccb=7-5&amp;_nc_sid=18de74&amp;efg=eyJlZmdfdGFnIjoiQ0xJUFMuYmVzdF9pbWFnZV91cmxnZW4uQzMifQ%3D%3D&amp;_nc_ohc=ctb3xLTRpNMQ7kNvwF9Azaa&amp;_nc_oc=Adr3ZlqdASHEvEMQwJS1ISfXM5oma4pao7eGmjsWwYvpnOq3zSTBlyzhlrL71Yyajak&amp;_nc_zt=23&amp;_nc_ht=scontent-lax3-1.cdninstagram.com&amp;edm=ANo9K5cEAAAA&amp;_nc_gid=vTwLHQJwfIVy79SDUkxrIA&amp;_nc_tpa=Q5bMBQKfM1G58lyKCzF_MXTs3SXeRY-T-NozhxqIAh_vHH-b2vKM0j4CAtHGoXh4hhFft71zAHJV-DZcrg&amp;oh=00_AQJrOfPaBhrJ263-GRvUWeMzJYx6t8z3H5OP3rRvH6ag4w&amp;oe=6AA0044E&quot;,&quot;320&quot;:&quot;https:\\\/\\\/scontent-lax3-1.cdninstagram.com\\\/v\\\/t51.82787-15\\\/758635750_18628165636005385_9098824898998653588_n.jpg?stp=dst-jpg_e35_tt6&amp;_nc_cat=108&amp;ccb=7-5&amp;_nc_sid=18de74&amp;efg=eyJlZmdfdGFnIjoiQ0xJUFMuYmVzdF9pbWFnZV91cmxnZW4uQzMifQ%3D%3D&amp;_nc_ohc=ctb3xLTRpNMQ7kNvwF9Azaa&amp;_nc_oc=Adr3ZlqdASHEvEMQwJS1ISfXM5oma4pao7eGmjsWwYvpnOq3zSTBlyzhlrL71Yyajak&amp;_nc_zt=23&amp;_nc_ht=scontent-lax3-1.cdninstagram.com&amp;edm=ANo9K5cEAAAA&amp;_nc_gid=vTwLHQJwfIVy79SDUkxrIA&amp;_nc_tpa=Q5bMBQKfM1G58lyKCzF_MXTs3SXeRY-T-NozhxqIAh_vHH-b2vKM0j4CAtHGoXh4hhFft71zAHJV-DZcrg&amp;oh=00_AQJrOfPaBhrJ263-GRvUWeMzJYx6t8z3H5OP3rRvH6ag4w&amp;oe=6AA0044E&quot;,&quot;640&quot;:&quot;https:\\\/\\\/scontent-lax3-1.cdninstagram.com\\\/v\\\/t51.82787-15\\\/758635750_18628165636005385_9098824898998653588_n.jpg?stp=dst-jpg_e35_tt6&amp;_nc_cat=108&amp;ccb=7-5&amp;_nc_sid=18de74&amp;efg=eyJlZmdfdGFnIjoiQ0xJUFMuYmVzdF9pbWFnZV91cmxnZW4uQzMifQ%3D%3D&amp;_nc_ohc=ctb3xLTRpNMQ7kNvwF9Azaa&amp;_nc_oc=Adr3ZlqdASHEvEMQwJS1ISfXM5oma4pao7eGmjsWwYvpnOq3zSTBlyzhlrL71Yyajak&amp;_nc_zt=23&amp;_nc_ht=scontent-lax3-1.cdninstagram.com&amp;edm=ANo9K5cEAAAA&amp;_nc_gid=vTwLHQJwfIVy79SDUkxrIA&amp;_nc_tpa=Q5bMBQKfM1G58lyKCzF_MXTs3SXeRY-T-NozhxqIAh_vHH-b2vKM0j4CAtHGoXh4hhFft71zAHJV-DZcrg&amp;oh=00_AQJrOfPaBhrJ263-GRvUWeMzJYx6t8z3H5OP3rRvH6ag4w&amp;oe=6AA0044E&quot;}\">\n\t\t\t<span class=\"sbi-screenreader\">H\u00e1 mais de 25 anos, a Vesperata transforma o Cent<\/span>\n\t\t\t\t\t\t<svg style=\"color: rgba(255,255,255,1)\" class=\"svg-inline--fa fa-play fa-w-14 sbi_playbtn\" aria-label=\"Play\" aria-hidden=\"true\" data-fa-processed=\"\" data-prefix=\"fa\" data-icon=\"play\" role=\"presentation\" xmlns=\"http:\/\/www.w3.org\/2000\/svg\" viewBox=\"0 0 448 512\"><path fill=\"currentColor\" d=\"M424.4 214.7L72.4 6.6C43.8-10.3 0 6.1 0 47.9V464c0 37.5 40.7 60.1 72.4 41.3l352-208c31.4-18.5 31.5-64.1 0-82.6z\"><\/path><\/svg>\t\t\t<img decoding=\"async\" src=\"https:\/\/www.travel3.com.br\/site\/wp-content\/plugins\/instagram-feed\/img\/placeholder.png\" alt=\"H\u00e1 mais de 25 anos, a Vesperata transforma o Centro Hist\u00f3rico de Diamantina em um grande palco a c\u00e9u aberto.\n\nM\u00fasicos se apresentam das sacadas dos casar\u00f5es coloniais enquanto maestros conduzem o espet\u00e1culo do centro da Rua da Quitanda. \n\nUma experi\u00eancia que ajuda a explicar por que Diamantina \u00e9 um dos destinos mais especiais de Minas Gerais!\n\nVoc\u00ea j\u00e1 viveu essa experi\u00eancia?\n \n#Diamantina #vesperata #MinasGerais #VisiteDiamantina  #Travel3\" aria-hidden=\"true\">\n\t\t<\/a>\n\t<\/div>\n<\/div>\t<\/div>\n\n\t<div id=\"sbi_load\" >\n\n\t\n\t\t\t<span class=\"sbi_follow_btn\" >\n\t\t\t<a target=\"_blank\"\n\t\t\t\trel=\"nofollow noopener\"  href=\"https:\/\/www.instagram.com\/revistatravel3\/\">\n\t\t\t\t<svg class=\"svg-inline--fa fa-instagram fa-w-14\" aria-hidden=\"true\" data-fa-processed=\"\" aria-label=\"Instagram\" data-prefix=\"fab\" data-icon=\"instagram\" role=\"img\" viewBox=\"0 0 448 512\">\n                    <path fill=\"currentColor\" d=\"M224.1 141c-63.6 0-114.9 51.3-114.9 114.9s51.3 114.9 114.9 114.9S339 319.5 339 255.9 287.7 141 224.1 141zm0 189.6c-41.1 0-74.7-33.5-74.7-74.7s33.5-74.7 74.7-74.7 74.7 33.5 74.7 74.7-33.6 74.7-74.7 74.7zm146.4-194.3c0 14.9-12 26.8-26.8 26.8-14.9 0-26.8-12-26.8-26.8s12-26.8 26.8-26.8 26.8 12 26.8 26.8zm76.1 27.2c-1.7-35.9-9.9-67.7-36.2-93.9-26.2-26.2-58-34.4-93.9-36.2-37-2.1-147.9-2.1-184.9 0-35.8 1.7-67.6 9.9-93.9 36.1s-34.4 58-36.2 93.9c-2.1 37-2.1 147.9 0 184.9 1.7 35.9 9.9 67.7 36.2 93.9s58 34.4 93.9 36.2c37 2.1 147.9 2.1 184.9 0 35.9-1.7 67.7-9.9 93.9-36.2 26.2-26.2 34.4-58 36.2-93.9 2.1-37 2.1-147.8 0-184.8zM398.8 388c-7.8 19.6-22.9 34.7-42.6 42.6-29.5 11.7-99.5 9-132.1 9s-102.7 2.6-132.1-9c-19.6-7.8-34.7-22.9-42.6-42.6-11.7-29.5-9-99.5-9-132.1s-2.6-102.7 9-132.1c7.8-19.6 22.9-34.7 42.6-42.6 29.5-11.7 99.5-9 132.1-9s102.7-2.6 132.1 9c19.6 7.8 34.7 22.9 42.6 42.6 11.7 29.5 9 99.5 9 132.1s2.7 102.7-9 132.1z\"><\/path>\n                <\/svg>\t\t\t\t<span>Siga no Instagram<\/span>\n\t\t\t<\/a>\n\t\t<\/span>\n\t\n<\/div>\n\t\t<span class=\"sbi_resized_image_data\" data-feed-id=\"sbi_17841400161525090#4\"\n\t\t  data-resized=\"{&quot;17899714578519261&quot;:{&quot;id&quot;:&quot;758635750_18628165636005385_9098824898998653588_n&quot;,&quot;ratio&quot;:&quot;0.56&quot;,&quot;sizes&quot;:{&quot;full&quot;:640,&quot;low&quot;:320,&quot;thumb&quot;:150},&quot;extension&quot;:&quot;.webp&quot;},&quot;18334634479286596&quot;:{&quot;id&quot;:&quot;759252341_18628808047005385_1285258093698643027_n&quot;,&quot;ratio&quot;:&quot;0.75&quot;,&quot;sizes&quot;:{&quot;full&quot;:640,&quot;low&quot;:320,&quot;thumb&quot;:150},&quot;extension&quot;:&quot;.webp&quot;},&quot;18093420341187590&quot;:{&quot;id&quot;:&quot;791045403_18640638589005385_2330643847820961765_n&quot;,&quot;ratio&quot;:&quot;0.56&quot;,&quot;sizes&quot;:{&quot;full&quot;:640,&quot;low&quot;:320,&quot;thumb&quot;:150},&quot;extension&quot;:&quot;.webp&quot;},&quot;18095632292531253&quot;:{&quot;id&quot;:&quot;792748873_18641090053005385_4165502431150083121_n&quot;,&quot;ratio&quot;:&quot;0.75&quot;,&quot;sizes&quot;:{&quot;full&quot;:640,&quot;low&quot;:320,&quot;thumb&quot;:150},&quot;extension&quot;:&quot;.webp&quot;}}\">\n\t<\/span>\n\t<\/div>\n\n[\/vc_column_text][\/vc_column][\/vc_row]<\/p>\n","protected":false},"excerpt":{"rendered":"<p>[vc_row vc_row_background=&#8221;&#8221;][vc_column width=&#8221;2\/3&#8243;][\/vc_column][vc_column width=&#8221;1\/3&#8243; css=&#8221;.vc_custom_1645454692693{border-top-width: 1px !important;border-right-width: 1px !important;border-bottom-width: 1px !important;border-left-width: 1px !important;border-left-color: #d6d6d6 !important;border-left-style: s\u00f3lido !important;border-right-color: #d6d6d6 !important;border-right-style: s\u00f3lido !important;border-top-color: #d6d6d6 !important;border-top-style: s\u00f3lido !important;border-bottom-color: #d6d6d6 !important;border-bottom-style: s\u00f3lido !important;}&#8221;][\/vc_column][\/vc_row][vc_row full_width=&#8221;stretch_row&#8221; vc_row_background=&#8221;&#8221;][vc_column][vc_empty_space height=&#8221;40px&#8221;][vc_column_text] [\/vc_column_text][vc_empty_space height=&#8221;40px&#8221;][\/vc_column][\/vc_row][vc_row full_width=&#8221;stretch_row&#8221; vc_row_background=&#8221;&#8221; css=&#8221;.vc_custom_1645460633516{background-color: #ededed !important;}&#8221;][vc_column width=&#8221;1\/3&#8243;][vc_column_text css=&#8221;.vc_custom_1645460823517{padding-top: 30px !important;}&#8221;] R\u00e1dio Travel3 [\/vc_column_text][\/vc_column][vc_column width=&#8221;2\/3&#8243;][vc_column_text css=&#8221;.vc_custom_1714073793286{padding-top: 30px !important;}&#8221;] Am\u00e9rica do Sul [\/vc_column_text][vc_empty_space height=&#8221;52px&#8221;][\/vc_column][\/vc_row][vc_row [&hellip;]<\/p>\n","protected":false},"author":1,"featured_media":0,"parent":0,"menu_order":0,"comment_status":"closed","ping_status":"closed","template":"","meta":{"footnotes":""},"class_list":["post-46012","page","type-page","status-publish","hentry"],"yoast_head":"<!-- This site is optimized with the Yoast SEO plugin v26.2 - https:\/\/yoast.com\/wordpress\/plugins\/seo\/ -->\n<title>Travel 3 - Lazer + Neg\u00f3cios + Aventura - Travel3<\/title>\n<meta name=\"description\" content=\"A TRAVEL3 \u00e9 um portal de conte\u00fado voltado para o turismo, encontre destinos, viagens, hospedagem, passagens, guias, not\u00edcias sobre o mercado do turismo, dicas de viagem, v\u00eddeos e podcast.\" \/>\n<meta name=\"robots\" content=\"index, follow, max-snippet:-1, max-image-preview:large, max-video-preview:-1\" \/>\n<link rel=\"canonical\" href=\"https:\/\/www.travel3.com.br\/site\/\" \/>\n<meta property=\"og:locale\" content=\"pt_BR\" \/>\n<meta property=\"og:type\" content=\"article\" \/>\n<meta property=\"og:title\" content=\"Travel3\" \/>\n<meta property=\"og:description\" content=\"Tudo sobre Turismo - Lazer + Neg\u00f3cios + Aventura\" \/>\n<meta property=\"og:url\" content=\"https:\/\/www.travel3.com.br\/site\/\" \/>\n<meta property=\"og:site_name\" content=\"Travel3\" \/>\n<meta property=\"article:publisher\" content=\"https:\/\/www.facebook.com\/travel3media\/\" \/>\n<meta property=\"article:modified_time\" content=\"2024-04-25T19:38:17+00:00\" \/>\n<meta property=\"og:image\" content=\"https:\/\/www.travel3.com.br\/site\/wp-content\/uploads\/2020\/05\/travel3-avatar-2020-insta.png\" \/>\n\t<meta property=\"og:image:width\" content=\"640\" \/>\n\t<meta property=\"og:image:height\" content=\"640\" \/>\n\t<meta property=\"og:image:type\" content=\"image\/png\" \/>\n<meta name=\"twitter:card\" content=\"summary_large_image\" \/>\n<meta name=\"twitter:label1\" content=\"Est. tempo de leitura\" \/>\n\t<meta name=\"twitter:data1\" content=\"1 minuto\" \/>\n<script type=\"application\/ld+json\" class=\"yoast-schema-graph\">{\"@context\":\"https:\/\/schema.org\",\"@graph\":[{\"@type\":\"WebPage\",\"@id\":\"https:\/\/www.travel3.com.br\/site\/\",\"url\":\"https:\/\/www.travel3.com.br\/site\/\",\"name\":\"Travel 3 - Lazer + Neg\u00f3cios + Aventura - Travel3\",\"isPartOf\":{\"@id\":\"https:\/\/www.travel3.com.br\/site\/#website\"},\"datePublished\":\"2022-02-21T16:18:14+00:00\",\"dateModified\":\"2024-04-25T19:38:17+00:00\",\"description\":\"A TRAVEL3 \u00e9 um portal de conte\u00fado voltado para o turismo, encontre destinos, viagens, hospedagem, passagens, guias, not\u00edcias sobre o mercado do turismo, dicas de viagem, v\u00eddeos e podcast.\",\"breadcrumb\":{\"@id\":\"https:\/\/www.travel3.com.br\/site\/#breadcrumb\"},\"inLanguage\":\"pt-BR\",\"potentialAction\":[{\"@type\":\"ReadAction\",\"target\":[\"https:\/\/www.travel3.com.br\/site\/\"]}]},{\"@type\":\"BreadcrumbList\",\"@id\":\"https:\/\/www.travel3.com.br\/site\/#breadcrumb\",\"itemListElement\":[{\"@type\":\"ListItem\",\"position\":1,\"name\":\"In\u00edcio\",\"item\":\"https:\/\/www.travel3.com.br\/site\/\"},{\"@type\":\"ListItem\",\"position\":2,\"name\":\"Travel 3 &#8211; Lazer + Neg\u00f3cios + Aventura\"}]},{\"@type\":\"WebSite\",\"@id\":\"https:\/\/www.travel3.com.br\/site\/#website\",\"url\":\"https:\/\/www.travel3.com.br\/site\/\",\"name\":\"Travel3\",\"description\":\"Lazer + Neg&oacute;cios + Aventura\",\"publisher\":{\"@id\":\"https:\/\/www.travel3.com.br\/site\/#organization\"},\"potentialAction\":[{\"@type\":\"SearchAction\",\"target\":{\"@type\":\"EntryPoint\",\"urlTemplate\":\"https:\/\/www.travel3.com.br\/site\/?s={search_term_string}\"},\"query-input\":{\"@type\":\"PropertyValueSpecification\",\"valueRequired\":true,\"valueName\":\"search_term_string\"}}],\"inLanguage\":\"pt-BR\"},{\"@type\":\"Organization\",\"@id\":\"https:\/\/www.travel3.com.br\/site\/#organization\",\"name\":\"Travel3\",\"url\":\"https:\/\/www.travel3.com.br\/site\/\",\"logo\":{\"@type\":\"ImageObject\",\"inLanguage\":\"pt-BR\",\"@id\":\"https:\/\/www.travel3.com.br\/site\/#\/schema\/logo\/image\/\",\"url\":\"https:\/\/www.travel3.com.br\/site\/wp-content\/uploads\/2020\/01\/logo-travel3-2020.png\",\"contentUrl\":\"https:\/\/www.travel3.com.br\/site\/wp-content\/uploads\/2020\/01\/logo-travel3-2020.png\",\"width\":232,\"height\":79,\"caption\":\"Travel3\"},\"image\":{\"@id\":\"https:\/\/www.travel3.com.br\/site\/#\/schema\/logo\/image\/\"},\"sameAs\":[\"https:\/\/www.facebook.com\/travel3media\/\",\"https:\/\/www.instagram.com\/revistatravel3\/\",\"https:\/\/www.youtube.com\/channel\/UCno7J4paGBR3VbZQzvoJ9Eg\"]}]}<\/script>\n<!-- \/ Yoast SEO plugin. -->","yoast_head_json":{"title":"Travel 3 - Lazer + Neg\u00f3cios + Aventura - Travel3","description":"A TRAVEL3 \u00e9 um portal de conte\u00fado voltado para o turismo, encontre destinos, viagens, hospedagem, passagens, guias, not\u00edcias sobre o mercado do turismo, dicas de viagem, v\u00eddeos e podcast.","robots":{"index":"index","follow":"follow","max-snippet":"max-snippet:-1","max-image-preview":"max-image-preview:large","max-video-preview":"max-video-preview:-1"},"canonical":"https:\/\/www.travel3.com.br\/site\/","og_locale":"pt_BR","og_type":"article","og_title":"Travel3","og_description":"Tudo sobre Turismo - Lazer + Neg\u00f3cios + Aventura","og_url":"https:\/\/www.travel3.com.br\/site\/","og_site_name":"Travel3","article_publisher":"https:\/\/www.facebook.com\/travel3media\/","article_modified_time":"2024-04-25T19:38:17+00:00","og_image":[{"width":640,"height":640,"url":"https:\/\/www.travel3.com.br\/site\/wp-content\/uploads\/2020\/05\/travel3-avatar-2020-insta.png","type":"image\/png"}],"twitter_card":"summary_large_image","twitter_misc":{"Est. tempo de leitura":"1 minuto"},"schema":{"@context":"https:\/\/schema.org","@graph":[{"@type":"WebPage","@id":"https:\/\/www.travel3.com.br\/site\/","url":"https:\/\/www.travel3.com.br\/site\/","name":"Travel 3 - Lazer + Neg\u00f3cios + Aventura - Travel3","isPartOf":{"@id":"https:\/\/www.travel3.com.br\/site\/#website"},"datePublished":"2022-02-21T16:18:14+00:00","dateModified":"2024-04-25T19:38:17+00:00","description":"A TRAVEL3 \u00e9 um portal de conte\u00fado voltado para o turismo, encontre destinos, viagens, hospedagem, passagens, guias, not\u00edcias sobre o mercado do turismo, dicas de viagem, v\u00eddeos e podcast.","breadcrumb":{"@id":"https:\/\/www.travel3.com.br\/site\/#breadcrumb"},"inLanguage":"pt-BR","potentialAction":[{"@type":"ReadAction","target":["https:\/\/www.travel3.com.br\/site\/"]}]},{"@type":"BreadcrumbList","@id":"https:\/\/www.travel3.com.br\/site\/#breadcrumb","itemListElement":[{"@type":"ListItem","position":1,"name":"In\u00edcio","item":"https:\/\/www.travel3.com.br\/site\/"},{"@type":"ListItem","position":2,"name":"Travel 3 &#8211; Lazer + Neg\u00f3cios + Aventura"}]},{"@type":"WebSite","@id":"https:\/\/www.travel3.com.br\/site\/#website","url":"https:\/\/www.travel3.com.br\/site\/","name":"Travel3","description":"Lazer + Neg&oacute;cios + Aventura","publisher":{"@id":"https:\/\/www.travel3.com.br\/site\/#organization"},"potentialAction":[{"@type":"SearchAction","target":{"@type":"EntryPoint","urlTemplate":"https:\/\/www.travel3.com.br\/site\/?s={search_term_string}"},"query-input":{"@type":"PropertyValueSpecification","valueRequired":true,"valueName":"search_term_string"}}],"inLanguage":"pt-BR"},{"@type":"Organization","@id":"https:\/\/www.travel3.com.br\/site\/#organization","name":"Travel3","url":"https:\/\/www.travel3.com.br\/site\/","logo":{"@type":"ImageObject","inLanguage":"pt-BR","@id":"https:\/\/www.travel3.com.br\/site\/#\/schema\/logo\/image\/","url":"https:\/\/www.travel3.com.br\/site\/wp-content\/uploads\/2020\/01\/logo-travel3-2020.png","contentUrl":"https:\/\/www.travel3.com.br\/site\/wp-content\/uploads\/2020\/01\/logo-travel3-2020.png","width":232,"height":79,"caption":"Travel3"},"image":{"@id":"https:\/\/www.travel3.com.br\/site\/#\/schema\/logo\/image\/"},"sameAs":["https:\/\/www.facebook.com\/travel3media\/","https:\/\/www.instagram.com\/revistatravel3\/","https:\/\/www.youtube.com\/channel\/UCno7J4paGBR3VbZQzvoJ9Eg"]}]}},"_links":{"self":[{"href":"https:\/\/www.travel3.com.br\/site\/wp-json\/wp\/v2\/pages\/46012","targetHints":{"allow":["GET"]}}],"collection":[{"href":"https:\/\/www.travel3.com.br\/site\/wp-json\/wp\/v2\/pages"}],"about":[{"href":"https:\/\/www.travel3.com.br\/site\/wp-json\/wp\/v2\/types\/page"}],"author":[{"embeddable":true,"href":"https:\/\/www.travel3.com.br\/site\/wp-json\/wp\/v2\/users\/1"}],"replies":[{"embeddable":true,"href":"https:\/\/www.travel3.com.br\/site\/wp-json\/wp\/v2\/comments?post=46012"}],"version-history":[{"count":55,"href":"https:\/\/www.travel3.com.br\/site\/wp-json\/wp\/v2\/pages\/46012\/revisions"}],"predecessor-version":[{"id":67747,"href":"https:\/\/www.travel3.com.br\/site\/wp-json\/wp\/v2\/pages\/46012\/revisions\/67747"}],"wp:attachment":[{"href":"https:\/\/www.travel3.com.br\/site\/wp-json\/wp\/v2\/media?parent=46012"}],"curies":[{"name":"wp","href":"https:\/\/api.w.org\/{rel}","templated":true}]}}